{"id":2681,"date":"2026-03-16T15:46:06","date_gmt":"2026-03-16T15:46:06","guid":{"rendered":"https:\/\/swissdaily.ch\/?page_id=2681"},"modified":"2026-07-05T14:37:16","modified_gmt":"2026-07-05T14:37:16","slug":"accueil","status":"publish","type":"page","link":"https:\/\/swissdaily.ch\/de\/","title":{"rendered":"Accueil"},"content":{"rendered":"\n<div class=\"wp-block-columns alignwide is-layout-flex wp-container-core-columns-is-layout-7e615354 wp-block-columns-is-layout-flex\" style=\"margin-top:30px;margin-bottom:0;padding-top:0;padding-right:0;padding-bottom:0;padding-left:0\">\n<div class=\"wp-block-column has-medium-font-size is-layout-flow wp-block-column-is-layout-flow\" style=\"flex-basis:25%\">\n<div class=\"wp-block-group is-layout-flow wp-block-group-is-layout-flow\" style=\"margin-top:0;margin-bottom:0;padding-top:0;padding-right:0;padding-bottom:0;padding-left:0\"><div class=\"wp-block-blockspare-posts-block-blockspare-posts-block-latest-posts alignwide   blockspare-a6436fa8-f195-4\" blockspare-animation=\"\">\n  \n    <section class=\"blockspare-posts-block-post-wrap\">\n      <div class=\"blockspare-posts-block-latest-post-wrap blockspare-posts-block-is-list featured-img-not-enabaled has-gutter-25 blockspare-post-expert-enabled  blockspare-posts-block-list-layout-4 list-col-2\">\n                    <div id=\"3181\" class=\"blockspare-posts-block-post-single blockspare-hover-item  blockspare-hover-child bs-has-equal-height\">\n                              <div class=\"blockspare-posts-block-post-content  content-order-5 lpc-title-hover\">\n    <div class=\"blockspare-posts-block-bg-overlay\"><\/div>\n    <!-- blockspare-posts-block-post-grid-header -->\n    <header class=\"blockspare-posts-block-post-grid-header\">\n      <!--display category when feature image is disable -->\n            <!--display category when feature image is enable-->\n            <!-- blockspare-posts-block-post-grid-title -->\n              <h2 class=\"blockspare-posts-block-post-grid-title\">\n          <a href=\"https:\/\/swissdaily.ch\/de\/fiscalite-tabac-ue-suisse\/\" class=\"blockspare-posts-block-title-link\"\n            rel=\"bookmark\">\n            <span>Fiscalit\u00e9 du tabac dans l&rsquo;UE : une r\u00e9forme ambitieuse dont la Suisse doit mesurer les implications<\/span>\n          <\/a>\n        <\/h2>\n            <!-- blockspare-posts-block-post-grid-title -->\n\n      <!-- blockspare-posts-block-post-grid-byline -->\n      <div class=\"blockspare-posts-block-post-grid-byline\">\n        <!-- blockspare-posts-block-post-grid-author -->\n                <!-- blockspare-posts-block-post-grid-author -->\n\n        <!-- blockspare-posts-block-post-grid-date -->\n                  <time datetime=\"2026-08-19T11:45:42+00:00\" class=\"blockspare-posts-block-post-grid-date\" itemprop=\"datePublished\"><i class=\"far fa-clock\" aria-hidden=\"true\"><\/i>19 August 2026<\/time>\n                <!-- blockspare-posts-block-post-grid-date -->\n\n        <!-- comment_count -->\n                <!-- comment_count -->\n      <\/div>\n      <!-- blockspare-posts-block-post-grid-byline -->\n    <\/header>\n    <!-- blockspare-posts-block-post-grid-header -->\n\n        <!-- blockspare-posts-block-post-grid-excerpt -->\n          <div class=\"blockspare-posts-block-post-grid-excerpt\">\n        <!-- blockspare-posts-block-post-grid-excerpt-content -->\n                  <div class=\"blockspare-posts-block-post-grid-excerpt-content\">\n            La th\u00e8se est simple, mais ses ramifications sont consid\u00e9rables : l&rsquo;Union europ\u00e9enne s&rsquo;appr\u00eate \u00e0 remodeler en profondeur la fiscalit\u00e9 du tabac et des produits nicotin\u00e9s, et cette transformation, si elle&hellip;          <\/div>\n                <!-- blockspare-posts-block-post-grid-excerpt-content -->\n        <!-- blockspare-posts-block-post-grid-more-link -->\n                <!-- blockspare-posts-block-post-grid-more-link -->\n      <\/div>\n        <!-- blockspare-posts-block-post-grid-excerpt -->\n\n  <\/div>\n            <\/div>\n                                <div id=\"3179\" class=\"blockspare-posts-block-post-single blockspare-hover-item  blockspare-hover-child bs-has-equal-height\">\n                              <div class=\"blockspare-posts-block-post-content  content-order-5 lpc-title-hover\">\n    <div class=\"blockspare-posts-block-bg-overlay\"><\/div>\n    <!-- blockspare-posts-block-post-grid-header -->\n    <header class=\"blockspare-posts-block-post-grid-header\">\n      <!--display category when feature image is disable -->\n            <!--display category when feature image is enable-->\n            <!-- blockspare-posts-block-post-grid-title -->\n              <h2 class=\"blockspare-posts-block-post-grid-title\">\n          <a href=\"https:\/\/swissdaily.ch\/de\/rancongiciel-suisse-proces\/\" class=\"blockspare-posts-block-title-link\"\n            rel=\"bookmark\">\n            <span>Cyberattaques par ran\u00e7ongiciel : un informaticien ukrainien devant le Tribunal de district de Zurich<\/span>\n          <\/a>\n        <\/h2>\n            <!-- blockspare-posts-block-post-grid-title -->\n\n      <!-- blockspare-posts-block-post-grid-byline -->\n      <div class=\"blockspare-posts-block-post-grid-byline\">\n        <!-- blockspare-posts-block-post-grid-author -->\n                <!-- blockspare-posts-block-post-grid-author -->\n\n        <!-- blockspare-posts-block-post-grid-date -->\n                  <time datetime=\"2026-08-18T19:47:11+00:00\" class=\"blockspare-posts-block-post-grid-date\" itemprop=\"datePublished\"><i class=\"far fa-clock\" aria-hidden=\"true\"><\/i>18 August 2026<\/time>\n                <!-- blockspare-posts-block-post-grid-date -->\n\n        <!-- comment_count -->\n                <!-- comment_count -->\n      <\/div>\n      <!-- blockspare-posts-block-post-grid-byline -->\n    <\/header>\n    <!-- blockspare-posts-block-post-grid-header -->\n\n        <!-- blockspare-posts-block-post-grid-excerpt -->\n          <div class=\"blockspare-posts-block-post-grid-excerpt\">\n        <!-- blockspare-posts-block-post-grid-excerpt-content -->\n                  <div class=\"blockspare-posts-block-post-grid-excerpt-content\">\n            Un proc\u00e8s rare sur la sc\u00e8ne helv\u00e9tique de la cybercriminalit\u00e9 Un informaticien ukrainien de 52 ans, domicili\u00e9 dans le canton de B\u00e2le-Campagne, a comparu lundi devant le Tribunal de district&hellip;          <\/div>\n                <!-- blockspare-posts-block-post-grid-excerpt-content -->\n        <!-- blockspare-posts-block-post-grid-more-link -->\n                <!-- blockspare-posts-block-post-grid-more-link -->\n      <\/div>\n        <!-- blockspare-posts-block-post-grid-excerpt -->\n\n  <\/div>\n            <\/div>\n                    \n\n\n      <\/div>\n\n          <\/section>\n\n\n\n  <\/div>\n\n<\/div>\n<\/div>\n\n\n\n<div class=\"wp-block-column is-layout-flow wp-block-column-is-layout-flow\" style=\"flex-basis:50%\">\n<div class=\"wp-block-group is-layout-flow wp-block-group-is-layout-flow\" style=\"margin-top:0;margin-bottom:0;padding-top:0;padding-right:0;padding-bottom:0;padding-left:0\"><div class=\"wp-block-blockspare-posts-block-blockspare-posts-block-latest-posts alignwide   blockspare-53810f58-ef71-4\" blockspare-animation=\"\">\n  \n    <section class=\"blockspare-posts-block-post-wrap\">\n      <div class=\"blockspare-posts-block-latest-post-wrap blockspare-posts-block-is-grid has-gutter-20 column-2  blockspare-posts-block-grid-layout-4\">\n                    <div id=\"3185\" class=\"blockspare-posts-block-post-single blockspare-hover-item  blockspare-hover-child bs-has-equal-height\">\n                  <figure class=\"blockspare-posts-block-post-img hover-child\">\n      <a href=\"https:\/\/swissdaily.ch\/de\/rente-viagere-conseillers-detat\/\" aria-label=\"Vaud : le Grand Conseil enterre la rente viag\u00e8re des conseillers d&rsquo;\u00c9tat en premier d\u00e9bat\">\n        <img loading=\"lazy\" decoding=\"async\" width=\"1024\" height=\"576\" src=\"https:\/\/swissdaily.ch\/wp-content\/uploads\/2026\/08\/b55c9193-3892-4e9a-9adb-e405ab727067.jpg\" class=\"attachment-large size-large\" alt=\"Vaud : le Grand Conseil enterre la rente viag\u00e8re des conseillers d&apos;\u00c9tat en premier d\u00e9bat\" \/>      <\/a>\n          <\/figure>\n                  <div class=\"blockspare-posts-block-post-content  content-order-5 lpc-title-hover\">\n    <div class=\"blockspare-posts-block-bg-overlay\"><\/div>\n    <!-- blockspare-posts-block-post-grid-header -->\n    <header class=\"blockspare-posts-block-post-grid-header\">\n      <!--display category when feature image is disable -->\n            <!--display category when feature image is enable-->\n              <!-- Category     -->\n        <div class=\"blockspare-posts-block-post-category\">\n          <a href=\"https:\/\/swissdaily.ch\/de\/category\/actualites\/\" rel=\"category tag\">Actualit\u00e9s<\/a> <a href=\"https:\/\/swissdaily.ch\/de\/category\/suisse\/\" rel=\"category tag\">Suisse<\/a>        <\/div>\n        <!-- Category     -->\n            <!-- blockspare-posts-block-post-grid-title -->\n              <h2 class=\"blockspare-posts-block-post-grid-title\">\n          <a href=\"https:\/\/swissdaily.ch\/de\/rente-viagere-conseillers-detat\/\" class=\"blockspare-posts-block-title-link\"\n            rel=\"bookmark\">\n            <span>Vaud : le Grand Conseil enterre la rente viag\u00e8re des conseillers d&rsquo;\u00c9tat en premier d\u00e9bat<\/span>\n          <\/a>\n        <\/h2>\n            <!-- blockspare-posts-block-post-grid-title -->\n\n      <!-- blockspare-posts-block-post-grid-byline -->\n      <div class=\"blockspare-posts-block-post-grid-byline\">\n        <!-- blockspare-posts-block-post-grid-author -->\n                  <div class=\"blockspare-posts-block-post-grid-author\">\n            <!-- <a class=\"blockspare-posts-block-text-link\" href=\"https:\/\/swissdaily.ch\/de\/author\/perrin-ma\/\"\n                                        itemprop=\"url\" rel=\"author\">\n                                        <span itemprop=\"name\">\n                                            <i class=\"far fa-user-circle\"><\/i>\n                                            Marc-Andr\u00e9 Perrin                                        <\/span>\n                                    <\/a> -->\n                           <a class=\"blockspare-posts-block-text-link\" href=\"https:\/\/swissdaily.ch\/de\/author\/perrin-ma\/\" itemprop=\"url\" rel=\"author\">\n                    <span itemprop=\"name\"><i class=\"far fa-user-circle\"><\/i>Marc-Andr\u00e9 Perrin<\/span>\n                <\/a>\n                 <\/div>\n                <!-- blockspare-posts-block-post-grid-author -->\n\n        <!-- blockspare-posts-block-post-grid-date -->\n                  <time datetime=\"2026-08-19T13:08:07+00:00\" class=\"blockspare-posts-block-post-grid-date\" itemprop=\"datePublished\"><i class=\"far fa-clock\" aria-hidden=\"true\"><\/i>19 August 2026<\/time>\n                <!-- blockspare-posts-block-post-grid-date -->\n\n        <!-- comment_count -->\n                <!-- comment_count -->\n      <\/div>\n      <!-- blockspare-posts-block-post-grid-byline -->\n    <\/header>\n    <!-- blockspare-posts-block-post-grid-header -->\n\n        <!-- blockspare-posts-block-post-grid-excerpt -->\n        <!-- blockspare-posts-block-post-grid-excerpt -->\n\n  <\/div>\n            <\/div>\n                                <div id=\"3183\" class=\"blockspare-posts-block-post-single blockspare-hover-item  blockspare-hover-child bs-has-equal-height\">\n                  <figure class=\"blockspare-posts-block-post-img hover-child\">\n      <a href=\"https:\/\/swissdaily.ch\/de\/sanctions-cpi-washington\/\" aria-label=\"Washington sanctionne la pr\u00e9sidente de la CPI dans le cadre d&rsquo;une offensive diplomatique d&rsquo;envergure\">\n        <img loading=\"lazy\" decoding=\"async\" width=\"1024\" height=\"683\" src=\"https:\/\/swissdaily.ch\/wp-content\/uploads\/2026\/08\/e0d74402-a811-4623-9035-8a5219a0e3df.jpg\" class=\"attachment-large size-large\" alt=\"Washington sanctionne la pr\u00e9sidente de la CPI dans le cadre d&apos;une offensive diplomatique d&apos;envergure\" \/>      <\/a>\n          <\/figure>\n                  <div class=\"blockspare-posts-block-post-content  content-order-5 lpc-title-hover\">\n    <div class=\"blockspare-posts-block-bg-overlay\"><\/div>\n    <!-- blockspare-posts-block-post-grid-header -->\n    <header class=\"blockspare-posts-block-post-grid-header\">\n      <!--display category when feature image is disable -->\n            <!--display category when feature image is enable-->\n              <!-- Category     -->\n        <div class=\"blockspare-posts-block-post-category\">\n          <a href=\"https:\/\/swissdaily.ch\/de\/category\/actualites\/\" rel=\"category tag\">Actualit\u00e9s<\/a> <a href=\"https:\/\/swissdaily.ch\/de\/category\/monde\/\" rel=\"category tag\">Monde<\/a>        <\/div>\n        <!-- Category     -->\n            <!-- blockspare-posts-block-post-grid-title -->\n              <h2 class=\"blockspare-posts-block-post-grid-title\">\n          <a href=\"https:\/\/swissdaily.ch\/de\/sanctions-cpi-washington\/\" class=\"blockspare-posts-block-title-link\"\n            rel=\"bookmark\">\n            <span>Washington sanctionne la pr\u00e9sidente de la CPI dans le cadre d&rsquo;une offensive diplomatique d&rsquo;envergure<\/span>\n          <\/a>\n        <\/h2>\n            <!-- blockspare-posts-block-post-grid-title -->\n\n      <!-- blockspare-posts-block-post-grid-byline -->\n      <div class=\"blockspare-posts-block-post-grid-byline\">\n        <!-- blockspare-posts-block-post-grid-author -->\n                  <div class=\"blockspare-posts-block-post-grid-author\">\n            <!-- <a class=\"blockspare-posts-block-text-link\" href=\"https:\/\/swissdaily.ch\/de\/author\/vuilleumier-c\/\"\n                                        itemprop=\"url\" rel=\"author\">\n                                        <span itemprop=\"name\">\n                                            <i class=\"far fa-user-circle\"><\/i>\n                                            Camille Vuilleumier                                        <\/span>\n                                    <\/a> -->\n                           <a class=\"blockspare-posts-block-text-link\" href=\"https:\/\/swissdaily.ch\/de\/author\/vuilleumier-c\/\" itemprop=\"url\" rel=\"author\">\n                    <span itemprop=\"name\"><i class=\"far fa-user-circle\"><\/i>Camille Vuilleumier<\/span>\n                <\/a>\n                 <\/div>\n                <!-- blockspare-posts-block-post-grid-author -->\n\n        <!-- blockspare-posts-block-post-grid-date -->\n                  <time datetime=\"2026-08-19T12:46:35+00:00\" class=\"blockspare-posts-block-post-grid-date\" itemprop=\"datePublished\"><i class=\"far fa-clock\" aria-hidden=\"true\"><\/i>19 August 2026<\/time>\n                <!-- blockspare-posts-block-post-grid-date -->\n\n        <!-- comment_count -->\n                <!-- comment_count -->\n      <\/div>\n      <!-- blockspare-posts-block-post-grid-byline -->\n    <\/header>\n    <!-- blockspare-posts-block-post-grid-header -->\n\n        <!-- blockspare-posts-block-post-grid-excerpt -->\n        <!-- blockspare-posts-block-post-grid-excerpt -->\n\n  <\/div>\n            <\/div>\n                    \n\n\n      <\/div>\n\n          <\/section>\n\n\n\n  <\/div>\n<\/div>\n<\/div>\n\n\n\n<div class=\"wp-block-column is-layout-flow wp-block-column-is-layout-flow\" style=\"flex-basis:25%\">\n<div class=\"wp-block-group is-layout-flow wp-block-group-is-layout-flow\" style=\"margin-top:0;margin-bottom:0;padding-top:0;padding-right:0;padding-bottom:0;padding-left:0\"><div class=\"wp-block-blockspare-posts-block-blockspare-posts-block-latest-posts alignwide   blockspare-e5cc0c56-574a-4\" blockspare-animation=\"\">\n  \n    <section class=\"blockspare-posts-block-post-wrap\">\n      <div class=\"blockspare-posts-block-latest-post-wrap blockspare-posts-block-is-list featured-img-not-enabaled has-gutter-20 blockspare-post-expert-enabled  blockspare-posts-block-list-layout-4 list-col-2\">\n                    <div id=\"3177\" class=\"blockspare-posts-block-post-single blockspare-hover-item  blockspare-hover-child bs-has-equal-height\">\n                              <div class=\"blockspare-posts-block-post-content  content-order-5 lpc-title-hover\">\n    <div class=\"blockspare-posts-block-bg-overlay\"><\/div>\n    <!-- blockspare-posts-block-post-grid-header -->\n    <header class=\"blockspare-posts-block-post-grid-header\">\n      <!--display category when feature image is disable -->\n            <!--display category when feature image is enable-->\n            <!-- blockspare-posts-block-post-grid-title -->\n              <h2 class=\"blockspare-posts-block-post-grid-title\">\n          <a href=\"https:\/\/swissdaily.ch\/de\/detroit-dormuz-trump\/\" class=\"blockspare-posts-block-title-link\"\n            rel=\"bookmark\">\n            <span>D\u00e9troit d&rsquo;Ormuz : Trump menace Oman de frappes militaires alors que les n\u00e9gociations irano-omanaises progressent sans Washington<\/span>\n          <\/a>\n        <\/h2>\n            <!-- blockspare-posts-block-post-grid-title -->\n\n      <!-- blockspare-posts-block-post-grid-byline -->\n      <div class=\"blockspare-posts-block-post-grid-byline\">\n        <!-- blockspare-posts-block-post-grid-author -->\n                <!-- blockspare-posts-block-post-grid-author -->\n\n        <!-- blockspare-posts-block-post-grid-date -->\n                  <time datetime=\"2026-08-18T19:35:36+00:00\" class=\"blockspare-posts-block-post-grid-date\" itemprop=\"datePublished\"><i class=\"far fa-clock\" aria-hidden=\"true\"><\/i>18 August 2026<\/time>\n                <!-- blockspare-posts-block-post-grid-date -->\n\n        <!-- comment_count -->\n                <!-- comment_count -->\n      <\/div>\n      <!-- blockspare-posts-block-post-grid-byline -->\n    <\/header>\n    <!-- blockspare-posts-block-post-grid-header -->\n\n        <!-- blockspare-posts-block-post-grid-excerpt -->\n          <div class=\"blockspare-posts-block-post-grid-excerpt\">\n        <!-- blockspare-posts-block-post-grid-excerpt-content -->\n                  <div class=\"blockspare-posts-block-post-grid-excerpt-content\">\n            Une d\u00e9claration pr\u00e9sidentielle am\u00e9ricaine rare dans sa brutalit\u00e9 a relanc\u00e9 les tensions autour du d\u00e9troit d&rsquo;Ormuz, passage strat\u00e9gique par lequel transitait, avant le d\u00e9clenchement du conflit au Moyen-Orient, environ un&hellip;          <\/div>\n                <!-- blockspare-posts-block-post-grid-excerpt-content -->\n        <!-- blockspare-posts-block-post-grid-more-link -->\n                <!-- blockspare-posts-block-post-grid-more-link -->\n      <\/div>\n        <!-- blockspare-posts-block-post-grid-excerpt -->\n\n  <\/div>\n            <\/div>\n                                <div id=\"3175\" class=\"blockspare-posts-block-post-single blockspare-hover-item  blockspare-hover-child bs-has-equal-height\">\n                              <div class=\"blockspare-posts-block-post-content  content-order-5 lpc-title-hover\">\n    <div class=\"blockspare-posts-block-bg-overlay\"><\/div>\n    <!-- blockspare-posts-block-post-grid-header -->\n    <header class=\"blockspare-posts-block-post-grid-header\">\n      <!--display category when feature image is disable -->\n            <!--display category when feature image is enable-->\n            <!-- blockspare-posts-block-post-grid-title -->\n              <h2 class=\"blockspare-posts-block-post-grid-title\">\n          <a href=\"https:\/\/swissdaily.ch\/de\/chaleur-extreme-personnes-agees\/\" class=\"blockspare-posts-block-title-link\"\n            rel=\"bookmark\">\n            <span>R\u00e9chauffement climatique : les personnes \u00e2g\u00e9es expos\u00e9es \u00e0 des risques de chaleur bien plus \u00e9lev\u00e9s que pr\u00e9vu, selon Stanford<\/span>\n          <\/a>\n        <\/h2>\n            <!-- blockspare-posts-block-post-grid-title -->\n\n      <!-- blockspare-posts-block-post-grid-byline -->\n      <div class=\"blockspare-posts-block-post-grid-byline\">\n        <!-- blockspare-posts-block-post-grid-author -->\n                <!-- blockspare-posts-block-post-grid-author -->\n\n        <!-- blockspare-posts-block-post-grid-date -->\n                  <time datetime=\"2026-08-18T18:55:38+00:00\" class=\"blockspare-posts-block-post-grid-date\" itemprop=\"datePublished\"><i class=\"far fa-clock\" aria-hidden=\"true\"><\/i>18 August 2026<\/time>\n                <!-- blockspare-posts-block-post-grid-date -->\n\n        <!-- comment_count -->\n                <!-- comment_count -->\n      <\/div>\n      <!-- blockspare-posts-block-post-grid-byline -->\n    <\/header>\n    <!-- blockspare-posts-block-post-grid-header -->\n\n        <!-- blockspare-posts-block-post-grid-excerpt -->\n          <div class=\"blockspare-posts-block-post-grid-excerpt\">\n        <!-- blockspare-posts-block-post-grid-excerpt-content -->\n                  <div class=\"blockspare-posts-block-post-grid-excerpt-content\">\n            Une \u00e9tude publi\u00e9e dans le Lancet Planetary Health par des chercheurs de l&rsquo;universit\u00e9 de Stanford remet en cause les mod\u00e9lisations climatiques existantes. Leurs conclusions sont nettes : les risques de&hellip;          <\/div>\n                <!-- blockspare-posts-block-post-grid-excerpt-content -->\n        <!-- blockspare-posts-block-post-grid-more-link -->\n                <!-- blockspare-posts-block-post-grid-more-link -->\n      <\/div>\n        <!-- blockspare-posts-block-post-grid-excerpt -->\n\n  <\/div>\n            <\/div>\n                    \n\n\n      <\/div>\n\n          <\/section>\n\n\n\n  <\/div>\n\n<\/div>\n<\/div>\n<\/div>\n\n\n\n<div class=\"wp-block-blockspare-blockspare-container alignfull blockspare-9c36da5b-43b6-4\" blockspare-animation=\"\"><style>.blockspare-9c36da5b-43b6-4 > .blockspare-block-container-wrapper{background-color:#f9f9f9;padding-top:0px;padding-right:0px;padding-bottom:0px;padding-left:0px;margin-top:0px;margin-right:0px;margin-bottom:0px;margin-left:0px;border-radius:0}.blockspare-9c36da5b-43b6-4 .blockspare-image-wrap{background-image:none}<\/style><div class=\"blockspare-block-container-wrapper blockspare-hover-item\"><div class=\"blockspare-container-background blockspare-image-wrap has-background-opacity-100 has-background-opacity\"><\/div><div class=\"blockspare-container\"><div class=\"blockspare-inner-blocks blockspare-inner-wrapper-blocks\">\n<div class=\"wp-block-group alignwide is-layout-constrained wp-container-core-group-is-layout-77ae2a43 wp-block-group-is-layout-constrained\" style=\"padding-top:0;padding-right:20px;padding-bottom:0;padding-left:20px\">\n<div class=\"wp-block-columns alignwide is-layout-flex wp-container-core-columns-is-layout-301cb07d wp-block-columns-is-layout-flex\" style=\"margin-top:0;margin-bottom:0;padding-top:0;padding-right:0;padding-bottom:0;padding-left:0\">\n<div class=\"wp-block-column is-layout-flow wp-block-column-is-layout-flow\" style=\"flex-basis:100%\">\n<div class=\"wp-block-group alignwide is-layout-flow wp-block-group-is-layout-flow\" style=\"padding-top:0;padding-right:0;padding-bottom:0;padding-left:0\">\n<div class=\"wp-block-blockspare-blockspare-section-header blockspare-1b9c4013-7b29-4 blockspare-section-header-wrapper blockspare-blocks align\" blockspare-animation=\"\"><style>.blockspare-1b9c4013-7b29-4 .blockspare-section-head-wrap{background-color:transparent;text-align:left;margin-top:0px;margin-right:0px;margin-bottom:0px;margin-left:0px}.blockspare-1b9c4013-7b29-4 .blockspare-section-head-wrap .blockspare-title{color:#fff;font-size:14px}.blockspare-1b9c4013-7b29-4 .blockspare-section-head-wrap .blockspare-title-wrapper{padding-top:0px;padding-right:0px;padding-bottom:0px;padding-left:0px}.blockspare-1b9c4013-7b29-4 .blockspare-section-head-wrap .blockspare-title-wrapper .blockspare-title{background-color:#cf2e2e!important}.blockspare-1b9c4013-7b29-4 .blockspare-section-head-wrap .blockspare-title-wrapper .blockspare-lower-dash{border-bottom-color:#cf2e2e!important}.blockspare-1b9c4013-7b29-4 .blockspare-section-head-wrap .blockspare-subtitle{color:#6d6d6d;font-size:14px;padding-top:0px;padding-right:0px;padding-bottom:0px;padding-left:0px}@media screen and (max-width:1025px){.blockspare-1b9c4013-7b29-4 .blockspare-section-head-wrap .blockspare-title{font-size:22px}.blockspare-1b9c4013-7b29-4 .blockspare-section-head-wrap .blockspare-subtitle{font-size:14px}}@media screen and (max-width:768px){.blockspare-1b9c4013-7b29-4 .blockspare-section-head-wrap .blockspare-title{font-size:20px}.blockspare-1b9c4013-7b29-4 .blockspare-section-head-wrap .blockspare-subtitle{font-size:14px}}<\/style><div class=\"blockspare-section-head-wrap blockspare-style18 blockspare-left blockspare-hover-item\"><div class=\"blockspare-title-wrapper\"><span class=\"blockspare-title-dash blockspare-upper-dash\"><\/span><h2 class=\"blockspare-title\">Monde<\/h2><span class=\"blockspare-title-dash blockspare-lower-dash\"><\/span><\/div><div class=\"blockspare-subtitle-wrapper\"><span class=\"blockspare-title-dash blockspare-upper-dash\"><\/span><span class=\"blockspare-title-dash blockspare-lower-dash\"><\/span><\/div><\/div><\/div>\n\n\n<div class=\"wp-block-blockspare-posts-block-blockspare-posts-block-latest-posts alignwide   blockspare-e6a5cfa7-fa91-4\" blockspare-animation=\"\">\n  \n    <section class=\"blockspare-posts-block-post-wrap\">\n      <div class=\"blockspare-posts-block-latest-post-wrap blockspare-posts-block-is-express has-gutter-20 bs-has-equal-height has-spotlight-excerpt   blockspare-posts-block-latestpost-express-grid blockspare-posts-block-express-grid-layout-4\">\n                  <div id=\"3183\" class=\"blockspare-posts-block-post-single blockspare-hover-item contentorderone blockspare-hover-child has-background  bs-has-equal-height\">\n                <figure class=\"blockspare-posts-block-post-img hover-child\">\n      <a href=\"https:\/\/swissdaily.ch\/de\/sanctions-cpi-washington\/\" aria-label=\"Washington sanctionne la pr\u00e9sidente de la CPI dans le cadre d&rsquo;une offensive diplomatique d&rsquo;envergure\">\n        <img loading=\"lazy\" decoding=\"async\" width=\"1024\" height=\"683\" src=\"https:\/\/swissdaily.ch\/wp-content\/uploads\/2026\/08\/e0d74402-a811-4623-9035-8a5219a0e3df.jpg\" class=\"attachment-large size-large\" alt=\"Washington sanctionne la pr\u00e9sidente de la CPI dans le cadre d&apos;une offensive diplomatique d&apos;envergure\" \/>      <\/a>\n              <!-- Spotlight Category     -->\n        <div class=\"blockspare-posts-block-post-category\">\n          <a href=\"https:\/\/swissdaily.ch\/de\/category\/actualites\/\" rel=\"category tag\">Actualit\u00e9s<\/a> <a href=\"https:\/\/swissdaily.ch\/de\/category\/monde\/\" rel=\"category tag\">Monde<\/a>        <\/div>\n        <!-- Spotlight Category     -->\n                <\/figure>\n                <div class=\"blockspare-posts-block-post-content  content-order-1 lpc-title-hover\">\n    <div class=\"blockspare-posts-block-bg-overlay\"><\/div>\n    <!-- blockspare-posts-block-post-grid-header -->\n    <header class=\"blockspare-posts-block-post-grid-header\">\n      <!--display category when feature image is disable -->\n            <!--display category when feature image is enable-->\n            <!-- blockspare-posts-block-post-grid-title -->\n\n              <h2 class=\"blockspare-posts-block-post-grid-title\">\n          <a href=\"https:\/\/swissdaily.ch\/de\/sanctions-cpi-washington\/\" class=\"blockspare-posts-block-title-link\"\n            rel=\"bookmark\">\n            <span>Washington sanctionne la pr\u00e9sidente de la CPI dans le cadre d&rsquo;une offensive diplomatique d&rsquo;envergure<\/span>\n          <\/a>\n        <\/h2>\n            \n      <!-- blockspare-posts-block-post-grid-title -->\n\n      <!-- blockspare-posts-block-post-grid-byline -->\n      <div class=\"blockspare-posts-block-post-grid-byline\">\n        <!-- blockspare-posts-block-post-grid-author -->\n                  <div class=\"blockspare-posts-block-post-grid-author\">\n\n                           <a class=\"blockspare-posts-block-text-link\" href=\"https:\/\/swissdaily.ch\/de\/author\/vuilleumier-c\/\" itemprop=\"url\" rel=\"author\">\n                    <span itemprop=\"name\"><i class=\"far fa-user-circle\"><\/i>Camille Vuilleumier<\/span>\n                <\/a>\n                 <\/div>\n                <!-- spotlight blockspare-posts-block-post-grid-author -->\n        <!-- blockspare-posts-block-post-grid-author -->\n                <!-- blockspare-posts-block-post-grid-author -->\n\n        <!-- Spotlight blockspare-posts-block-post-grid-date -->\n                  <time datetime=\"2026-08-19T12:46:35+00:00\" class=\"blockspare-posts-block-post-grid-date\" itemprop=\"datePublished\"><i class=\"far fa-clock\" aria-hidden=\"true\"><\/i>19 August 2026<\/time>\n                <!-- Spotlight blockspare-posts-block-post-grid-date -->\n        <!-- blockspare-posts-block-post-grid-date -->\n                <!-- blockspare-posts-block-post-grid-date -->\n\n        <!--  Spotlight comment_count -->\n                <!--  Spotlight -->\n                <!-- comment_count -->\n      <\/div>\n      <!-- blockspare-posts-block-post-grid-byline -->\n    <\/header>\n    <!-- blockspare-posts-block-post-grid-header -->\n\n\n          <!-- Spotlight blockspare-posts-block-post-grid-excerpt -->\n              <div class=\"blockspare-posts-block-post-grid-excerpt\">\n          <!-- blockspare-posts-block-post-grid-excerpt-content -->\n                      <div class=\"blockspare-posts-block-post-grid-excerpt-content\">\n              Le 19 ao\u00fbt 2026, le nom de Tomoko Akane \u2014 magistrate japonaise \u00e0 la t\u00eate de la Cour p\u00e9nale internationale&hellip;            <\/div>\n                    <!-- blockspare-posts-block-post-grid-excerpt-content -->\n          <!-- blockspare-posts-block-post-grid-more-link -->\n                      <p>\n\n\n              <a\n                class=\"blockspare-posts-block-post-grid-more-link blockspare-posts-block-text-link\"\n                href=\"https:\/\/swissdaily.ch\/de\/sanctions-cpi-washington\/\"\n                aria-label=\"Read more about Washington sanctionne la pr\u00e9sidente de la CPI dans le cadre d&rsquo;une offensive diplomatique d&rsquo;envergure\">\n                <span aria-hidden=\"true\">Read More..<\/span>\n              <\/a>\n\n            <\/p>\n                    <!-- blockspare-posts-block-post-grid-more-link -->\n        <\/div>\n        <!-- Spotlight blockspare-posts-block-post-grid-excerpt -->\n        <!-- blockspare-posts-block-post-grid-excerpt -->\n\n  <\/div>\n          <\/div>\n\n                  <div id=\"3177\" class=\"blockspare-posts-block-post-single blockspare-hover-item contentorderone blockspare-hover-child has-background  bs-has-equal-height\">\n                <figure class=\"blockspare-posts-block-post-img hover-child\">\n      <a href=\"https:\/\/swissdaily.ch\/de\/detroit-dormuz-trump\/\" aria-label=\"D\u00e9troit d&rsquo;Ormuz : Trump menace Oman de frappes militaires alors que les n\u00e9gociations irano-omanaises progressent sans Washington\">\n        <img loading=\"lazy\" decoding=\"async\" width=\"300\" height=\"201\" src=\"https:\/\/swissdaily.ch\/wp-content\/uploads\/2026\/08\/4efca4e5-ada2-42d9-af4c-e3328efe0605-300x201.jpg\" class=\"attachment-medium size-medium\" alt=\"D\u00e9troit d&apos;Ormuz : Trump menace Oman de frappes militaires alors que les n\u00e9gociations irano-omanaises progressent sans Washington\" \/>      <\/a>\n                <\/figure>\n                <div class=\"blockspare-posts-block-post-content  content-order-1 lpc-title-hover\">\n    <div class=\"blockspare-posts-block-bg-overlay\"><\/div>\n    <!-- blockspare-posts-block-post-grid-header -->\n    <header class=\"blockspare-posts-block-post-grid-header\">\n      <!--display category when feature image is disable -->\n            <!--display category when feature image is enable-->\n            <!-- blockspare-posts-block-post-grid-title -->\n\n                    <h2 class=\"blockspare-posts-block-post-grid-title\">\n          <a href=\"https:\/\/swissdaily.ch\/de\/detroit-dormuz-trump\/\" class=\"blockspare-posts-block-title-link\"\n            rel=\"bookmark\">\n            <span>D\u00e9troit d&rsquo;Ormuz : Trump menace Oman de frappes militaires alors que les n\u00e9gociations irano-omanaises progressent sans Washington<\/span>\n          <\/a>\n        <\/h2>\n\n      \n      <!-- blockspare-posts-block-post-grid-title -->\n\n      <!-- blockspare-posts-block-post-grid-byline -->\n      <div class=\"blockspare-posts-block-post-grid-byline\">\n        <!-- blockspare-posts-block-post-grid-author -->\n                <!-- spotlight blockspare-posts-block-post-grid-author -->\n        <!-- blockspare-posts-block-post-grid-author -->\n                <!-- blockspare-posts-block-post-grid-author -->\n\n        <!-- Spotlight blockspare-posts-block-post-grid-date -->\n                <!-- Spotlight blockspare-posts-block-post-grid-date -->\n        <!-- blockspare-posts-block-post-grid-date -->\n                  <time datetime=\"2026-08-18T19:35:36+00:00\" class=\"blockspare-posts-block-post-grid-date\" itemprop=\"datePublished\"><i class=\"far fa-clock\" aria-hidden=\"true\"><\/i>18 August 2026<\/time>\n                <!-- blockspare-posts-block-post-grid-date -->\n\n        <!--  Spotlight comment_count -->\n                <!--  Spotlight -->\n                <!-- comment_count -->\n      <\/div>\n      <!-- blockspare-posts-block-post-grid-byline -->\n    <\/header>\n    <!-- blockspare-posts-block-post-grid-header -->\n\n\n        <!-- Spotlight blockspare-posts-block-post-grid-excerpt -->\n        <!-- blockspare-posts-block-post-grid-excerpt -->\n\n  <\/div>\n          <\/div>\n\n                  <div id=\"3173\" class=\"blockspare-posts-block-post-single blockspare-hover-item contentorderone blockspare-hover-child has-background  bs-has-equal-height\">\n                <figure class=\"blockspare-posts-block-post-img hover-child\">\n      <a href=\"https:\/\/swissdaily.ch\/de\/primogeniture-absolue-liechtenstein\/\" aria-label=\"Liechtenstein : la Maison princi\u00e8re adopte la primog\u00e9niture absolue, ouvrant la succession au tr\u00f4ne aux femmes\">\n        <img loading=\"lazy\" decoding=\"async\" width=\"300\" height=\"169\" src=\"https:\/\/swissdaily.ch\/wp-content\/uploads\/2026\/08\/85c30caf-3019-44b2-aaa5-98ad806ca966-300x169.jpg\" class=\"attachment-medium size-medium\" alt=\"Liechtenstein : la Maison princi\u00e8re adopte la primog\u00e9niture absolue, ouvrant la succession au tr\u00f4ne aux femmes\" \/>      <\/a>\n                <\/figure>\n                <div class=\"blockspare-posts-block-post-content  content-order-1 lpc-title-hover\">\n    <div class=\"blockspare-posts-block-bg-overlay\"><\/div>\n    <!-- blockspare-posts-block-post-grid-header -->\n    <header class=\"blockspare-posts-block-post-grid-header\">\n      <!--display category when feature image is disable -->\n            <!--display category when feature image is enable-->\n            <!-- blockspare-posts-block-post-grid-title -->\n\n                    <h2 class=\"blockspare-posts-block-post-grid-title\">\n          <a href=\"https:\/\/swissdaily.ch\/de\/primogeniture-absolue-liechtenstein\/\" class=\"blockspare-posts-block-title-link\"\n            rel=\"bookmark\">\n            <span>Liechtenstein : la Maison princi\u00e8re adopte la primog\u00e9niture absolue, ouvrant la succession au tr\u00f4ne aux femmes<\/span>\n          <\/a>\n        <\/h2>\n\n      \n      <!-- blockspare-posts-block-post-grid-title -->\n\n      <!-- blockspare-posts-block-post-grid-byline -->\n      <div class=\"blockspare-posts-block-post-grid-byline\">\n        <!-- blockspare-posts-block-post-grid-author -->\n                <!-- spotlight blockspare-posts-block-post-grid-author -->\n        <!-- blockspare-posts-block-post-grid-author -->\n                <!-- blockspare-posts-block-post-grid-author -->\n\n        <!-- Spotlight blockspare-posts-block-post-grid-date -->\n                <!-- Spotlight blockspare-posts-block-post-grid-date -->\n        <!-- blockspare-posts-block-post-grid-date -->\n                  <time datetime=\"2026-08-17T16:30:57+00:00\" class=\"blockspare-posts-block-post-grid-date\" itemprop=\"datePublished\"><i class=\"far fa-clock\" aria-hidden=\"true\"><\/i>17 August 2026<\/time>\n                <!-- blockspare-posts-block-post-grid-date -->\n\n        <!--  Spotlight comment_count -->\n                <!--  Spotlight -->\n                <!-- comment_count -->\n      <\/div>\n      <!-- blockspare-posts-block-post-grid-byline -->\n    <\/header>\n    <!-- blockspare-posts-block-post-grid-header -->\n\n\n        <!-- Spotlight blockspare-posts-block-post-grid-excerpt -->\n        <!-- blockspare-posts-block-post-grid-excerpt -->\n\n  <\/div>\n          <\/div>\n\n                  <div id=\"3162\" class=\"blockspare-posts-block-post-single blockspare-hover-item contentorderone blockspare-hover-child has-background  bs-has-equal-height\">\n                <figure class=\"blockspare-posts-block-post-img hover-child\">\n      <a href=\"https:\/\/swissdaily.ch\/de\/iles-kouriles-souverainete\/\" aria-label=\"\u00celes Kouriles : Washington r\u00e9affirme sa position, Tokyo envisage un durcissement des sanctions apr\u00e8s la visite de Poutine\">\n        <img loading=\"lazy\" decoding=\"async\" width=\"300\" height=\"169\" src=\"https:\/\/swissdaily.ch\/wp-content\/uploads\/2026\/08\/1440x810_cmsv2_0a04d852-ed8a-5a9f-a7a8-5458ead5c0d3-9874967-300x169.jpg\" class=\"attachment-medium size-medium\" alt=\"\u00celes Kouriles : Washington r\u00e9affirme sa position, Tokyo envisage un durcissement des sanctions apr\u00e8s la visite de Poutine\" \/>      <\/a>\n                <\/figure>\n                <div class=\"blockspare-posts-block-post-content  content-order-1 lpc-title-hover\">\n    <div class=\"blockspare-posts-block-bg-overlay\"><\/div>\n    <!-- blockspare-posts-block-post-grid-header -->\n    <header class=\"blockspare-posts-block-post-grid-header\">\n      <!--display category when feature image is disable -->\n            <!--display category when feature image is enable-->\n            <!-- blockspare-posts-block-post-grid-title -->\n\n                    <h2 class=\"blockspare-posts-block-post-grid-title\">\n          <a href=\"https:\/\/swissdaily.ch\/de\/iles-kouriles-souverainete\/\" class=\"blockspare-posts-block-title-link\"\n            rel=\"bookmark\">\n            <span>\u00celes Kouriles : Washington r\u00e9affirme sa position, Tokyo envisage un durcissement des sanctions apr\u00e8s la visite de Poutine<\/span>\n          <\/a>\n        <\/h2>\n\n      \n      <!-- blockspare-posts-block-post-grid-title -->\n\n      <!-- blockspare-posts-block-post-grid-byline -->\n      <div class=\"blockspare-posts-block-post-grid-byline\">\n        <!-- blockspare-posts-block-post-grid-author -->\n                <!-- spotlight blockspare-posts-block-post-grid-author -->\n        <!-- blockspare-posts-block-post-grid-author -->\n                <!-- blockspare-posts-block-post-grid-author -->\n\n        <!-- Spotlight blockspare-posts-block-post-grid-date -->\n                <!-- Spotlight blockspare-posts-block-post-grid-date -->\n        <!-- blockspare-posts-block-post-grid-date -->\n                  <time datetime=\"2026-08-15T12:08:52+00:00\" class=\"blockspare-posts-block-post-grid-date\" itemprop=\"datePublished\"><i class=\"far fa-clock\" aria-hidden=\"true\"><\/i>15 August 2026<\/time>\n                <!-- blockspare-posts-block-post-grid-date -->\n\n        <!--  Spotlight comment_count -->\n                <!--  Spotlight -->\n                <!-- comment_count -->\n      <\/div>\n      <!-- blockspare-posts-block-post-grid-byline -->\n    <\/header>\n    <!-- blockspare-posts-block-post-grid-header -->\n\n\n        <!-- Spotlight blockspare-posts-block-post-grid-excerpt -->\n        <!-- blockspare-posts-block-post-grid-excerpt -->\n\n  <\/div>\n          <\/div>\n\n                  <div id=\"3158\" class=\"blockspare-posts-block-post-single blockspare-hover-item contentorderone blockspare-hover-child has-background  bs-has-equal-height\">\n                <figure class=\"blockspare-posts-block-post-img hover-child\">\n      <a href=\"https:\/\/swissdaily.ch\/de\/harvard-discrimination-trump\/\" aria-label=\"Harvard face \u00e0 l&rsquo;administration Trump : un juge f\u00e9d\u00e9ral rejette la plainte pour discrimination\">\n        <img loading=\"lazy\" decoding=\"async\" width=\"300\" height=\"200\" src=\"https:\/\/swissdaily.ch\/wp-content\/uploads\/2026\/08\/da110d82-92e7-467a-adf9-89ad6f8f0520-300x200.jpg\" class=\"attachment-medium size-medium\" alt=\"Harvard face \u00e0 l&apos;administration Trump : un juge f\u00e9d\u00e9ral rejette la plainte pour discrimination\" \/>      <\/a>\n                <\/figure>\n                <div class=\"blockspare-posts-block-post-content  content-order-1 lpc-title-hover\">\n    <div class=\"blockspare-posts-block-bg-overlay\"><\/div>\n    <!-- blockspare-posts-block-post-grid-header -->\n    <header class=\"blockspare-posts-block-post-grid-header\">\n      <!--display category when feature image is disable -->\n            <!--display category when feature image is enable-->\n            <!-- blockspare-posts-block-post-grid-title -->\n\n                    <h2 class=\"blockspare-posts-block-post-grid-title\">\n          <a href=\"https:\/\/swissdaily.ch\/de\/harvard-discrimination-trump\/\" class=\"blockspare-posts-block-title-link\"\n            rel=\"bookmark\">\n            <span>Harvard face \u00e0 l&rsquo;administration Trump : un juge f\u00e9d\u00e9ral rejette la plainte pour discrimination<\/span>\n          <\/a>\n        <\/h2>\n\n      \n      <!-- blockspare-posts-block-post-grid-title -->\n\n      <!-- blockspare-posts-block-post-grid-byline -->\n      <div class=\"blockspare-posts-block-post-grid-byline\">\n        <!-- blockspare-posts-block-post-grid-author -->\n                <!-- spotlight blockspare-posts-block-post-grid-author -->\n        <!-- blockspare-posts-block-post-grid-author -->\n                <!-- blockspare-posts-block-post-grid-author -->\n\n        <!-- Spotlight blockspare-posts-block-post-grid-date -->\n                <!-- Spotlight blockspare-posts-block-post-grid-date -->\n        <!-- blockspare-posts-block-post-grid-date -->\n                  <time datetime=\"2026-08-14T19:58:02+00:00\" class=\"blockspare-posts-block-post-grid-date\" itemprop=\"datePublished\"><i class=\"far fa-clock\" aria-hidden=\"true\"><\/i>14 August 2026<\/time>\n                <!-- blockspare-posts-block-post-grid-date -->\n\n        <!--  Spotlight comment_count -->\n                <!--  Spotlight -->\n                <!-- comment_count -->\n      <\/div>\n      <!-- blockspare-posts-block-post-grid-byline -->\n    <\/header>\n    <!-- blockspare-posts-block-post-grid-header -->\n\n\n        <!-- Spotlight blockspare-posts-block-post-grid-excerpt -->\n        <!-- blockspare-posts-block-post-grid-excerpt -->\n\n  <\/div>\n          <\/div>\n\n        \n      <\/div>\n          <\/section>\n\n  <\/div>\n<\/div>\n<\/div>\n<\/div>\n<\/div>\n\n\n\n<div class=\"wp-block-group alignwide is-layout-constrained wp-container-core-group-is-layout-77ae2a43 wp-block-group-is-layout-constrained\" style=\"padding-top:0;padding-right:20px;padding-bottom:0;padding-left:20px\">\n<div class=\"wp-block-blockspare-blockspare-section-header alignwide blockspare-3eac1569-f348-4 blockspare-section-header-wrapper blockspare-blocks\" blockspare-animation=\"\"><style>.blockspare-3eac1569-f348-4 .blockspare-section-head-wrap{background-color:transparent;text-align:left;margin-top:0px;margin-right:0px;margin-bottom:0px;margin-left:0px}.blockspare-3eac1569-f348-4 .blockspare-section-head-wrap .blockspare-title{color:#fff;font-size:14px}.blockspare-3eac1569-f348-4 .blockspare-section-head-wrap .blockspare-title-wrapper{padding-top:0px;padding-right:0px;padding-bottom:0px;padding-left:0px}.blockspare-3eac1569-f348-4 .blockspare-section-head-wrap .blockspare-title-wrapper .blockspare-title{background-color:#3a863d!important}.blockspare-3eac1569-f348-4 .blockspare-section-head-wrap .blockspare-title-wrapper .blockspare-lower-dash{border-bottom-color:#3a863d!important}.blockspare-3eac1569-f348-4 .blockspare-section-head-wrap .blockspare-subtitle{color:#6d6d6d;font-size:14px;padding-top:0px;padding-right:0px;padding-bottom:0px;padding-left:0px}@media screen and (max-width:1025px){.blockspare-3eac1569-f348-4 .blockspare-section-head-wrap .blockspare-title{font-size:22px}.blockspare-3eac1569-f348-4 .blockspare-section-head-wrap .blockspare-subtitle{font-size:14px}}@media screen and (max-width:768px){.blockspare-3eac1569-f348-4 .blockspare-section-head-wrap .blockspare-title{font-size:20px}.blockspare-3eac1569-f348-4 .blockspare-section-head-wrap .blockspare-subtitle{font-size:14px}}<\/style><div class=\"blockspare-section-head-wrap blockspare-style18 blockspare-left blockspare-hover-item\"><div class=\"blockspare-title-wrapper\"><span class=\"blockspare-title-dash blockspare-upper-dash\"><\/span><h2 class=\"blockspare-title\">Suisse<\/h2><span class=\"blockspare-title-dash blockspare-lower-dash\"><\/span><\/div><div class=\"blockspare-subtitle-wrapper\"><span class=\"blockspare-title-dash blockspare-upper-dash\"><\/span><span class=\"blockspare-title-dash blockspare-lower-dash\"><\/span><\/div><\/div><\/div>\n\n\n\n  <div class=\"wp-block-blockspare-posts-block-blockspare-posts-block-latest-posts alignwide   blockspare-dc04a0c1-2a58-4\">\n        <section class=\"blockspare-posts-block-post-wrap\">\n\n      <div class=\"blockspare-posts-block-latest-post-carousel-wrap  blockspare-posts-block-latest-post-wrap blockspare-posts-block-is-carousel lpc-navigation-small lpc-navigation-1 nav-on-hover blockspare-slides-4 blockspare-posts-block-grid-layout-3 has-gutter-space-4 latest-posts-block-carousel-grid \" blockspare-animation=\"\">\n        <div class=\"latest-post-carousel\" data-slick=\"{&quot;dots&quot;:false,&quot;loop&quot;:true,&quot;autoplay&quot;:true,&quot;speed&quot;:&quot;800&quot;,&quot;arrows&quot;:true,&quot;slidesToShow&quot;:4,&quot;centerMode&quot;:false,&quot;responsive&quot;:[{&quot;breakpoint&quot;:769,&quot;settings&quot;:{&quot;slidesToShow&quot;:2,&quot;slidesToScroll&quot;:1,&quot;infinite&quot;:true,&quot;centerMode&quot;:false}},{&quot;breakpoint&quot;:481,&quot;settings&quot;:{&quot;slidesToShow&quot;:1,&quot;slidesToScroll&quot;:1,&quot;centerMode&quot;:false}}]}\"\n          data-next=\"fas fa-chevron-right\" data-prev=\"fas fa-chevron-left\">\n                      <div>\n              <div id=\"3185\" class=\"blockspare-posts-block-post-single blockspare-hover-item  bs-has-equal-height blockspare-hover-child \">\n                    <figure class=\"blockspare-posts-block-post-img hover-child\">\n      <a href=\"https:\/\/swissdaily.ch\/de\/rente-viagere-conseillers-detat\/\" aria-label=\"Vaud : le Grand Conseil enterre la rente viag\u00e8re des conseillers d&rsquo;\u00c9tat en premier d\u00e9bat\">\n        <img loading=\"lazy\" decoding=\"async\" width=\"1024\" height=\"576\" src=\"https:\/\/swissdaily.ch\/wp-content\/uploads\/2026\/08\/b55c9193-3892-4e9a-9adb-e405ab727067.jpg\" class=\"attachment-large size-large\" alt=\"Vaud : le Grand Conseil enterre la rente viag\u00e8re des conseillers d&apos;\u00c9tat en premier d\u00e9bat\" \/>      <\/a>\n          <\/figure>\n                    <div class=\"blockspare-posts-block-post-content  content-order-5 lpc-title-hover\">\n    <div class=\"blockspare-posts-block-bg-overlay\"><\/div>\n    <!-- blockspare-posts-block-post-grid-header -->\n    <header class=\"blockspare-posts-block-post-grid-header\">\n      <!--display category when feature image is disable -->\n            <!--display category when feature image is enable-->\n              <!-- Category     -->\n        <div class=\"blockspare-posts-block-post-category\">\n          <a href=\"https:\/\/swissdaily.ch\/de\/category\/actualites\/\" rel=\"category tag\">Actualit\u00e9s<\/a> <a href=\"https:\/\/swissdaily.ch\/de\/category\/suisse\/\" rel=\"category tag\">Suisse<\/a>        <\/div>\n        <!-- Category     -->\n            <!-- blockspare-posts-block-post-grid-title -->\n              <h2 class=\"blockspare-posts-block-post-grid-title\">\n          <a href=\"https:\/\/swissdaily.ch\/de\/rente-viagere-conseillers-detat\/\" class=\"blockspare-posts-block-title-link\"\n            rel=\"bookmark\">\n            <span>Vaud : le Grand Conseil enterre la rente viag\u00e8re des conseillers d&rsquo;\u00c9tat en premier d\u00e9bat<\/span>\n          <\/a>\n        <\/h2>\n            <!-- blockspare-posts-block-post-grid-title -->\n\n      <!-- blockspare-posts-block-post-grid-byline -->\n      <div class=\"blockspare-posts-block-post-grid-byline\">\n        <!-- blockspare-posts-block-post-grid-author -->\n                  <div class=\"blockspare-posts-block-post-grid-author\">\n            <!-- <a class=\"blockspare-posts-block-text-link\" href=\"https:\/\/swissdaily.ch\/de\/author\/perrin-ma\/\"\n                                        itemprop=\"url\" rel=\"author\">\n                                        <span itemprop=\"name\">\n                                            <i class=\"far fa-user-circle\"><\/i>\n                                            Marc-Andr\u00e9 Perrin                                        <\/span>\n                                    <\/a> -->\n                           <a class=\"blockspare-posts-block-text-link\" href=\"https:\/\/swissdaily.ch\/de\/author\/perrin-ma\/\" itemprop=\"url\" rel=\"author\">\n                    <span itemprop=\"name\"><i class=\"far fa-user-circle\"><\/i>Marc-Andr\u00e9 Perrin<\/span>\n                <\/a>\n                 <\/div>\n                <!-- blockspare-posts-block-post-grid-author -->\n\n        <!-- blockspare-posts-block-post-grid-date -->\n                  <time datetime=\"2026-08-19T13:08:07+00:00\" class=\"blockspare-posts-block-post-grid-date\" itemprop=\"datePublished\"><i class=\"far fa-clock\" aria-hidden=\"true\"><\/i>19 August 2026<\/time>\n                <!-- blockspare-posts-block-post-grid-date -->\n\n        <!-- comment_count -->\n                <!-- comment_count -->\n      <\/div>\n      <!-- blockspare-posts-block-post-grid-byline -->\n    <\/header>\n    <!-- blockspare-posts-block-post-grid-header -->\n\n        <!-- blockspare-posts-block-post-grid-excerpt -->\n        <!-- blockspare-posts-block-post-grid-excerpt -->\n\n  <\/div>\n              <\/div>\n            <\/div>\n\n\n                      <div>\n              <div id=\"3175\" class=\"blockspare-posts-block-post-single blockspare-hover-item  bs-has-equal-height blockspare-hover-child \">\n                    <figure class=\"blockspare-posts-block-post-img hover-child\">\n      <a href=\"https:\/\/swissdaily.ch\/de\/chaleur-extreme-personnes-agees\/\" aria-label=\"R\u00e9chauffement climatique : les personnes \u00e2g\u00e9es expos\u00e9es \u00e0 des risques de chaleur bien plus \u00e9lev\u00e9s que pr\u00e9vu, selon Stanford\">\n        <img loading=\"lazy\" decoding=\"async\" width=\"1024\" height=\"576\" src=\"https:\/\/swissdaily.ch\/wp-content\/uploads\/2026\/08\/c62e5cac-9cb2-4923-8de9-9387b579ee6d.jpg\" class=\"attachment-large size-large\" alt=\"R\u00e9chauffement climatique : les personnes \u00e2g\u00e9es expos\u00e9es \u00e0 des risques de chaleur bien plus \u00e9lev\u00e9s que pr\u00e9vu, selon Stanford\" \/>      <\/a>\n          <\/figure>\n                    <div class=\"blockspare-posts-block-post-content  content-order-5 lpc-title-hover\">\n    <div class=\"blockspare-posts-block-bg-overlay\"><\/div>\n    <!-- blockspare-posts-block-post-grid-header -->\n    <header class=\"blockspare-posts-block-post-grid-header\">\n      <!--display category when feature image is disable -->\n            <!--display category when feature image is enable-->\n              <!-- Category     -->\n        <div class=\"blockspare-posts-block-post-category\">\n          <a href=\"https:\/\/swissdaily.ch\/de\/category\/actualites\/\" rel=\"category tag\">Actualit\u00e9s<\/a> <a href=\"https:\/\/swissdaily.ch\/de\/category\/suisse\/\" rel=\"category tag\">Suisse<\/a>        <\/div>\n        <!-- Category     -->\n            <!-- blockspare-posts-block-post-grid-title -->\n              <h2 class=\"blockspare-posts-block-post-grid-title\">\n          <a href=\"https:\/\/swissdaily.ch\/de\/chaleur-extreme-personnes-agees\/\" class=\"blockspare-posts-block-title-link\"\n            rel=\"bookmark\">\n            <span>R\u00e9chauffement climatique : les personnes \u00e2g\u00e9es expos\u00e9es \u00e0 des risques de chaleur bien plus \u00e9lev\u00e9s que pr\u00e9vu, selon Stanford<\/span>\n          <\/a>\n        <\/h2>\n            <!-- blockspare-posts-block-post-grid-title -->\n\n      <!-- blockspare-posts-block-post-grid-byline -->\n      <div class=\"blockspare-posts-block-post-grid-byline\">\n        <!-- blockspare-posts-block-post-grid-author -->\n                  <div class=\"blockspare-posts-block-post-grid-author\">\n            <!-- <a class=\"blockspare-posts-block-text-link\" href=\"https:\/\/swissdaily.ch\/de\/author\/vuilleumier-c\/\"\n                                        itemprop=\"url\" rel=\"author\">\n                                        <span itemprop=\"name\">\n                                            <i class=\"far fa-user-circle\"><\/i>\n                                            Camille Vuilleumier                                        <\/span>\n                                    <\/a> -->\n                           <a class=\"blockspare-posts-block-text-link\" href=\"https:\/\/swissdaily.ch\/de\/author\/vuilleumier-c\/\" itemprop=\"url\" rel=\"author\">\n                    <span itemprop=\"name\"><i class=\"far fa-user-circle\"><\/i>Camille Vuilleumier<\/span>\n                <\/a>\n                 <\/div>\n                <!-- blockspare-posts-block-post-grid-author -->\n\n        <!-- blockspare-posts-block-post-grid-date -->\n                  <time datetime=\"2026-08-18T18:55:38+00:00\" class=\"blockspare-posts-block-post-grid-date\" itemprop=\"datePublished\"><i class=\"far fa-clock\" aria-hidden=\"true\"><\/i>18 August 2026<\/time>\n                <!-- blockspare-posts-block-post-grid-date -->\n\n        <!-- comment_count -->\n                <!-- comment_count -->\n      <\/div>\n      <!-- blockspare-posts-block-post-grid-byline -->\n    <\/header>\n    <!-- blockspare-posts-block-post-grid-header -->\n\n        <!-- blockspare-posts-block-post-grid-excerpt -->\n        <!-- blockspare-posts-block-post-grid-excerpt -->\n\n  <\/div>\n              <\/div>\n            <\/div>\n\n\n                      <div>\n              <div id=\"3169\" class=\"blockspare-posts-block-post-single blockspare-hover-item  bs-has-equal-height blockspare-hover-child \">\n                    <figure class=\"blockspare-posts-block-post-img hover-child\">\n      <a href=\"https:\/\/swissdaily.ch\/de\/crise-fromagere-suisse\/\" aria-label=\"Canicule et s\u00e9cheresse : les fili\u00e8res fromag\u00e8res suisses sous pression structurelle\">\n        <img loading=\"lazy\" decoding=\"async\" width=\"1024\" height=\"675\" src=\"https:\/\/swissdaily.ch\/wp-content\/uploads\/2026\/08\/cb758432-1e2a-4883-a50c-97d3c1d9ca35.jpg\" class=\"attachment-large size-large\" alt=\"Canicule et s\u00e9cheresse : les fili\u00e8res fromag\u00e8res suisses sous pression structurelle\" \/>      <\/a>\n          <\/figure>\n                    <div class=\"blockspare-posts-block-post-content  content-order-5 lpc-title-hover\">\n    <div class=\"blockspare-posts-block-bg-overlay\"><\/div>\n    <!-- blockspare-posts-block-post-grid-header -->\n    <header class=\"blockspare-posts-block-post-grid-header\">\n      <!--display category when feature image is disable -->\n            <!--display category when feature image is enable-->\n              <!-- Category     -->\n        <div class=\"blockspare-posts-block-post-category\">\n          <a href=\"https:\/\/swissdaily.ch\/de\/category\/actualites\/\" rel=\"category tag\">Actualit\u00e9s<\/a> <a href=\"https:\/\/swissdaily.ch\/de\/category\/suisse\/\" rel=\"category tag\">Suisse<\/a>        <\/div>\n        <!-- Category     -->\n            <!-- blockspare-posts-block-post-grid-title -->\n              <h2 class=\"blockspare-posts-block-post-grid-title\">\n          <a href=\"https:\/\/swissdaily.ch\/de\/crise-fromagere-suisse\/\" class=\"blockspare-posts-block-title-link\"\n            rel=\"bookmark\">\n            <span>Canicule et s\u00e9cheresse : les fili\u00e8res fromag\u00e8res suisses sous pression structurelle<\/span>\n          <\/a>\n        <\/h2>\n            <!-- blockspare-posts-block-post-grid-title -->\n\n      <!-- blockspare-posts-block-post-grid-byline -->\n      <div class=\"blockspare-posts-block-post-grid-byline\">\n        <!-- blockspare-posts-block-post-grid-author -->\n                  <div class=\"blockspare-posts-block-post-grid-author\">\n            <!-- <a class=\"blockspare-posts-block-text-link\" href=\"https:\/\/swissdaily.ch\/de\/author\/vuilleumier-c\/\"\n                                        itemprop=\"url\" rel=\"author\">\n                                        <span itemprop=\"name\">\n                                            <i class=\"far fa-user-circle\"><\/i>\n                                            Camille Vuilleumier                                        <\/span>\n                                    <\/a> -->\n                           <a class=\"blockspare-posts-block-text-link\" href=\"https:\/\/swissdaily.ch\/de\/author\/vuilleumier-c\/\" itemprop=\"url\" rel=\"author\">\n                    <span itemprop=\"name\"><i class=\"far fa-user-circle\"><\/i>Camille Vuilleumier<\/span>\n                <\/a>\n                 <\/div>\n                <!-- blockspare-posts-block-post-grid-author -->\n\n        <!-- blockspare-posts-block-post-grid-date -->\n                  <time datetime=\"2026-08-17T14:19:46+00:00\" class=\"blockspare-posts-block-post-grid-date\" itemprop=\"datePublished\"><i class=\"far fa-clock\" aria-hidden=\"true\"><\/i>17 August 2026<\/time>\n                <!-- blockspare-posts-block-post-grid-date -->\n\n        <!-- comment_count -->\n                <!-- comment_count -->\n      <\/div>\n      <!-- blockspare-posts-block-post-grid-byline -->\n    <\/header>\n    <!-- blockspare-posts-block-post-grid-header -->\n\n        <!-- blockspare-posts-block-post-grid-excerpt -->\n        <!-- blockspare-posts-block-post-grid-excerpt -->\n\n  <\/div>\n              <\/div>\n            <\/div>\n\n\n                      <div>\n              <div id=\"3164\" class=\"blockspare-posts-block-post-single blockspare-hover-item  bs-has-equal-height blockspare-hover-child \">\n                    <figure class=\"blockspare-posts-block-post-img hover-child\">\n      <a href=\"https:\/\/swissdaily.ch\/de\/secheresse-suisse-2\/\" aria-label=\"S\u00e9cheresse record en Suisse : quand le \u00ab ch\u00e2teau d&rsquo;eau \u00bb de l&rsquo;Europe se retrouve \u00e0 sec\">\n        <img loading=\"lazy\" decoding=\"async\" width=\"1024\" height=\"683\" src=\"https:\/\/swissdaily.ch\/wp-content\/uploads\/2026\/08\/720909445_highres-1024x683.jpg\" class=\"attachment-large size-large\" alt=\"S\u00e9cheresse record en Suisse : quand le \u00ab ch\u00e2teau d&apos;eau \u00bb de l&apos;Europe se retrouve \u00e0 sec\" \/>      <\/a>\n          <\/figure>\n                    <div class=\"blockspare-posts-block-post-content  content-order-5 lpc-title-hover\">\n    <div class=\"blockspare-posts-block-bg-overlay\"><\/div>\n    <!-- blockspare-posts-block-post-grid-header -->\n    <header class=\"blockspare-posts-block-post-grid-header\">\n      <!--display category when feature image is disable -->\n            <!--display category when feature image is enable-->\n              <!-- Category     -->\n        <div class=\"blockspare-posts-block-post-category\">\n          <a href=\"https:\/\/swissdaily.ch\/de\/category\/actualites\/\" rel=\"category tag\">Actualit\u00e9s<\/a> <a href=\"https:\/\/swissdaily.ch\/de\/category\/suisse\/\" rel=\"category tag\">Suisse<\/a>        <\/div>\n        <!-- Category     -->\n            <!-- blockspare-posts-block-post-grid-title -->\n              <h2 class=\"blockspare-posts-block-post-grid-title\">\n          <a href=\"https:\/\/swissdaily.ch\/de\/secheresse-suisse-2\/\" class=\"blockspare-posts-block-title-link\"\n            rel=\"bookmark\">\n            <span>S\u00e9cheresse record en Suisse : quand le \u00ab ch\u00e2teau d&rsquo;eau \u00bb de l&rsquo;Europe se retrouve \u00e0 sec<\/span>\n          <\/a>\n        <\/h2>\n            <!-- blockspare-posts-block-post-grid-title -->\n\n      <!-- blockspare-posts-block-post-grid-byline -->\n      <div class=\"blockspare-posts-block-post-grid-byline\">\n        <!-- blockspare-posts-block-post-grid-author -->\n                  <div class=\"blockspare-posts-block-post-grid-author\">\n            <!-- <a class=\"blockspare-posts-block-text-link\" href=\"https:\/\/swissdaily.ch\/de\/author\/vuilleumier-c\/\"\n                                        itemprop=\"url\" rel=\"author\">\n                                        <span itemprop=\"name\">\n                                            <i class=\"far fa-user-circle\"><\/i>\n                                            Camille Vuilleumier                                        <\/span>\n                                    <\/a> -->\n                           <a class=\"blockspare-posts-block-text-link\" href=\"https:\/\/swissdaily.ch\/de\/author\/vuilleumier-c\/\" itemprop=\"url\" rel=\"author\">\n                    <span itemprop=\"name\"><i class=\"far fa-user-circle\"><\/i>Camille Vuilleumier<\/span>\n                <\/a>\n                 <\/div>\n                <!-- blockspare-posts-block-post-grid-author -->\n\n        <!-- blockspare-posts-block-post-grid-date -->\n                  <time datetime=\"2026-08-15T12:52:56+00:00\" class=\"blockspare-posts-block-post-grid-date\" itemprop=\"datePublished\"><i class=\"far fa-clock\" aria-hidden=\"true\"><\/i>15 August 2026<\/time>\n                <!-- blockspare-posts-block-post-grid-date -->\n\n        <!-- comment_count -->\n                <!-- comment_count -->\n      <\/div>\n      <!-- blockspare-posts-block-post-grid-byline -->\n    <\/header>\n    <!-- blockspare-posts-block-post-grid-header -->\n\n        <!-- blockspare-posts-block-post-grid-excerpt -->\n        <!-- blockspare-posts-block-post-grid-excerpt -->\n\n  <\/div>\n              <\/div>\n            <\/div>\n\n\n                      <div>\n              <div id=\"3160\" class=\"blockspare-posts-block-post-single blockspare-hover-item  bs-has-equal-height blockspare-hover-child \">\n                    <figure class=\"blockspare-posts-block-post-img hover-child\">\n      <a href=\"https:\/\/swissdaily.ch\/de\/intelligence-artificielle-democratie-suisse\/\" aria-label=\"Intelligence artificielle et d\u00e9mocratie directe : quand les algorithmes fa\u00e7onnent l&rsquo;opinion suisse\">\n        <img loading=\"lazy\" decoding=\"async\" width=\"1024\" height=\"683\" src=\"https:\/\/swissdaily.ch\/wp-content\/uploads\/2026\/08\/705887950_highres-1024x683.jpg\" class=\"attachment-large size-large\" alt=\"Intelligence artificielle et d\u00e9mocratie directe : quand les algorithmes fa\u00e7onnent l&apos;opinion suisse\" \/>      <\/a>\n          <\/figure>\n                    <div class=\"blockspare-posts-block-post-content  content-order-5 lpc-title-hover\">\n    <div class=\"blockspare-posts-block-bg-overlay\"><\/div>\n    <!-- blockspare-posts-block-post-grid-header -->\n    <header class=\"blockspare-posts-block-post-grid-header\">\n      <!--display category when feature image is disable -->\n            <!--display category when feature image is enable-->\n              <!-- Category     -->\n        <div class=\"blockspare-posts-block-post-category\">\n          <a href=\"https:\/\/swissdaily.ch\/de\/category\/actualites\/\" rel=\"category tag\">Actualit\u00e9s<\/a> <a href=\"https:\/\/swissdaily.ch\/de\/category\/suisse\/\" rel=\"category tag\">Suisse<\/a>        <\/div>\n        <!-- Category     -->\n            <!-- blockspare-posts-block-post-grid-title -->\n              <h2 class=\"blockspare-posts-block-post-grid-title\">\n          <a href=\"https:\/\/swissdaily.ch\/de\/intelligence-artificielle-democratie-suisse\/\" class=\"blockspare-posts-block-title-link\"\n            rel=\"bookmark\">\n            <span>Intelligence artificielle et d\u00e9mocratie directe : quand les algorithmes fa\u00e7onnent l&rsquo;opinion suisse<\/span>\n          <\/a>\n        <\/h2>\n            <!-- blockspare-posts-block-post-grid-title -->\n\n      <!-- blockspare-posts-block-post-grid-byline -->\n      <div class=\"blockspare-posts-block-post-grid-byline\">\n        <!-- blockspare-posts-block-post-grid-author -->\n                  <div class=\"blockspare-posts-block-post-grid-author\">\n            <!-- <a class=\"blockspare-posts-block-text-link\" href=\"https:\/\/swissdaily.ch\/de\/author\/rochat-n\/\"\n                                        itemprop=\"url\" rel=\"author\">\n                                        <span itemprop=\"name\">\n                                            <i class=\"far fa-user-circle\"><\/i>\n                                            Nicolas Rochat                                        <\/span>\n                                    <\/a> -->\n                           <a class=\"blockspare-posts-block-text-link\" href=\"https:\/\/swissdaily.ch\/de\/author\/rochat-n\/\" itemprop=\"url\" rel=\"author\">\n                    <span itemprop=\"name\"><i class=\"far fa-user-circle\"><\/i>Nicolas Rochat<\/span>\n                <\/a>\n                 <\/div>\n                <!-- blockspare-posts-block-post-grid-author -->\n\n        <!-- blockspare-posts-block-post-grid-date -->\n                  <time datetime=\"2026-08-14T20:08:10+00:00\" class=\"blockspare-posts-block-post-grid-date\" itemprop=\"datePublished\"><i class=\"far fa-clock\" aria-hidden=\"true\"><\/i>14 August 2026<\/time>\n                <!-- blockspare-posts-block-post-grid-date -->\n\n        <!-- comment_count -->\n                <!-- comment_count -->\n      <\/div>\n      <!-- blockspare-posts-block-post-grid-byline -->\n    <\/header>\n    <!-- blockspare-posts-block-post-grid-header -->\n\n        <!-- blockspare-posts-block-post-grid-excerpt -->\n        <!-- blockspare-posts-block-post-grid-excerpt -->\n\n  <\/div>\n              <\/div>\n            <\/div>\n\n\n                  <\/div>\n      <\/div>\n    <\/section>\n  <\/div>\n<\/div>\n\n\n\n<div class=\"wp-block-group alignwide is-layout-constrained wp-container-core-group-is-layout-77ae2a43 wp-block-group-is-layout-constrained\" style=\"padding-top:0;padding-right:20px;padding-bottom:0;padding-left:20px\">\n<div class=\"wp-block-columns alignwide is-layout-flex wp-container-core-columns-is-layout-7c8d8867 wp-block-columns-is-layout-flex\" style=\"margin-top:30px;margin-bottom:0;padding-top:0;padding-right:0;padding-bottom:0;padding-left:0\">\n<div class=\"wp-block-column is-layout-flow wp-block-column-is-layout-flow\">\n<div class=\"wp-block-group is-layout-flow wp-block-group-is-layout-flow\" style=\"margin-top:0px;margin-bottom:0px;padding-top:0px;padding-right:0px;padding-bottom:0px;padding-left:0px\">\n<div class=\"wp-block-blockspare-blockspare-section-header blockspare-ba8e804f-a18f-4 blockspare-section-header-wrapper blockspare-blocks align\" blockspare-animation=\"\"><style>.blockspare-ba8e804f-a18f-4 .blockspare-section-head-wrap{background-color:transparent;text-align:left;margin-top:0px;margin-right:0px;margin-bottom:0px;margin-left:0px}.blockspare-ba8e804f-a18f-4 .blockspare-section-head-wrap .blockspare-title{color:#fff;font-size:14px}.blockspare-ba8e804f-a18f-4 .blockspare-section-head-wrap .blockspare-title-wrapper{padding-top:0px;padding-right:0px;padding-bottom:0px;padding-left:0px}.blockspare-ba8e804f-a18f-4 .blockspare-section-head-wrap .blockspare-title-wrapper .blockspare-title{background-color:#ff6900!important}.blockspare-ba8e804f-a18f-4 .blockspare-section-head-wrap .blockspare-title-wrapper .blockspare-lower-dash{border-bottom-color:#ff6900!important}.blockspare-ba8e804f-a18f-4 .blockspare-section-head-wrap .blockspare-subtitle{color:#6d6d6d;font-size:14px;padding-top:0px;padding-right:0px;padding-bottom:0px;padding-left:0px}@media screen and (max-width:1025px){.blockspare-ba8e804f-a18f-4 .blockspare-section-head-wrap .blockspare-title{font-size:22px}.blockspare-ba8e804f-a18f-4 .blockspare-section-head-wrap .blockspare-subtitle{font-size:14px}}@media screen and (max-width:768px){.blockspare-ba8e804f-a18f-4 .blockspare-section-head-wrap .blockspare-title{font-size:20px}.blockspare-ba8e804f-a18f-4 .blockspare-section-head-wrap .blockspare-subtitle{font-size:14px}}<\/style><div class=\"blockspare-section-head-wrap blockspare-style18 blockspare-left blockspare-hover-item\"><div class=\"blockspare-title-wrapper\"><span class=\"blockspare-title-dash blockspare-upper-dash\"><\/span><h2 class=\"blockspare-title\">Politique<\/h2><span class=\"blockspare-title-dash blockspare-lower-dash\"><\/span><\/div><div class=\"blockspare-subtitle-wrapper\"><span class=\"blockspare-title-dash blockspare-upper-dash\"><\/span><span class=\"blockspare-title-dash blockspare-lower-dash\"><\/span><\/div><\/div><\/div>\n\n\n<div class=\"wp-block-blockspare-posts-block-blockspare-posts-block-latest-posts alignwide   blockspare-854df30f-1bf0-4\" blockspare-animation=\"\">\n  \n    <section class=\"blockspare-posts-block-post-wrap\">\n      <div class=\"blockspare-posts-block-latest-post-wrap blockspare-posts-block-is-list medium-100 has-gutter-20  blockspare-posts-block-list-layout-4 list-col-2\">\n                    <div id=\"3091\" class=\"blockspare-posts-block-post-single blockspare-hover-item  blockspare-hover-child bs-has-equal-height\">\n                  <figure class=\"blockspare-posts-block-post-img hover-child\">\n      <a href=\"https:\/\/swissdaily.ch\/de\/schengen-espagne-migration\/\" aria-label=\"Immigration : Meloni menace de suspendre l&rsquo;Espagne de l&rsquo;espace Schengen apr\u00e8s les arriv\u00e9es massives \u00e0 Ceuta\">\n        <img loading=\"lazy\" decoding=\"async\" width=\"300\" height=\"200\" src=\"https:\/\/swissdaily.ch\/wp-content\/uploads\/2026\/08\/877fa8b4-2b94-4f04-968e-5bb59dc4cea5-300x200.jpg\" class=\"attachment-medium size-medium\" alt=\"Immigration : Meloni menace de suspendre l&apos;Espagne de l&apos;espace Schengen apr\u00e8s les arriv\u00e9es massives \u00e0 Ceuta\" \/>      <\/a>\n          <\/figure>\n                  <div class=\"blockspare-posts-block-post-content  content-order-5 lpc-title-hover\">\n    <div class=\"blockspare-posts-block-bg-overlay\"><\/div>\n    <!-- blockspare-posts-block-post-grid-header -->\n    <header class=\"blockspare-posts-block-post-grid-header\">\n      <!--display category when feature image is disable -->\n            <!--display category when feature image is enable-->\n            <!-- blockspare-posts-block-post-grid-title -->\n              <h2 class=\"blockspare-posts-block-post-grid-title\">\n          <a href=\"https:\/\/swissdaily.ch\/de\/schengen-espagne-migration\/\" class=\"blockspare-posts-block-title-link\"\n            rel=\"bookmark\">\n            <span>Immigration : Meloni menace de suspendre l&rsquo;Espagne de l&rsquo;espace Schengen apr\u00e8s les arriv\u00e9es massives \u00e0 Ceuta<\/span>\n          <\/a>\n        <\/h2>\n            <!-- blockspare-posts-block-post-grid-title -->\n\n      <!-- blockspare-posts-block-post-grid-byline -->\n      <div class=\"blockspare-posts-block-post-grid-byline\">\n        <!-- blockspare-posts-block-post-grid-author -->\n                <!-- blockspare-posts-block-post-grid-author -->\n\n        <!-- blockspare-posts-block-post-grid-date -->\n                  <time datetime=\"2026-08-01T14:26:14+00:00\" class=\"blockspare-posts-block-post-grid-date\" itemprop=\"datePublished\"><i class=\"far fa-clock\" aria-hidden=\"true\"><\/i>1 August 2026<\/time>\n                <!-- blockspare-posts-block-post-grid-date -->\n\n        <!-- comment_count -->\n                <!-- comment_count -->\n      <\/div>\n      <!-- blockspare-posts-block-post-grid-byline -->\n    <\/header>\n    <!-- blockspare-posts-block-post-grid-header -->\n\n        <!-- blockspare-posts-block-post-grid-excerpt -->\n        <!-- blockspare-posts-block-post-grid-excerpt -->\n\n  <\/div>\n            <\/div>\n                                <div id=\"3087\" class=\"blockspare-posts-block-post-single blockspare-hover-item  blockspare-hover-child bs-has-equal-height\">\n                  <figure class=\"blockspare-posts-block-post-img hover-child\">\n      <a href=\"https:\/\/swissdaily.ch\/de\/ai-act-suisse\/\" aria-label=\"L&rsquo;AI Act europ\u00e9en s&rsquo;impose comme r\u00e9f\u00e9rence mondiale : pr\u00e8s de la moiti\u00e9 des entreprises qui s&rsquo;y conforment ne sont pas \u00e9tablies dans l&rsquo;UE\">\n        <img loading=\"lazy\" decoding=\"async\" width=\"300\" height=\"169\" src=\"https:\/\/swissdaily.ch\/wp-content\/uploads\/2026\/07\/1440x810_cmsv2_879919c5-a526-55f0-983f-c8621bcf27d1-9856658-300x169.jpg\" class=\"attachment-medium size-medium\" alt=\"L&apos;AI Act europ\u00e9en s&apos;impose comme r\u00e9f\u00e9rence mondiale : pr\u00e8s de la moiti\u00e9 des entreprises qui s&apos;y conforment ne sont pas \u00e9tablies dans l&apos;UE\" \/>      <\/a>\n          <\/figure>\n                  <div class=\"blockspare-posts-block-post-content  content-order-5 lpc-title-hover\">\n    <div class=\"blockspare-posts-block-bg-overlay\"><\/div>\n    <!-- blockspare-posts-block-post-grid-header -->\n    <header class=\"blockspare-posts-block-post-grid-header\">\n      <!--display category when feature image is disable -->\n            <!--display category when feature image is enable-->\n            <!-- blockspare-posts-block-post-grid-title -->\n              <h2 class=\"blockspare-posts-block-post-grid-title\">\n          <a href=\"https:\/\/swissdaily.ch\/de\/ai-act-suisse\/\" class=\"blockspare-posts-block-title-link\"\n            rel=\"bookmark\">\n            <span>L&rsquo;AI Act europ\u00e9en s&rsquo;impose comme r\u00e9f\u00e9rence mondiale : pr\u00e8s de la moiti\u00e9 des entreprises qui s&rsquo;y conforment ne sont pas \u00e9tablies dans l&rsquo;UE<\/span>\n          <\/a>\n        <\/h2>\n            <!-- blockspare-posts-block-post-grid-title -->\n\n      <!-- blockspare-posts-block-post-grid-byline -->\n      <div class=\"blockspare-posts-block-post-grid-byline\">\n        <!-- blockspare-posts-block-post-grid-author -->\n                <!-- blockspare-posts-block-post-grid-author -->\n\n        <!-- blockspare-posts-block-post-grid-date -->\n                  <time datetime=\"2026-07-31T20:35:24+00:00\" class=\"blockspare-posts-block-post-grid-date\" itemprop=\"datePublished\"><i class=\"far fa-clock\" aria-hidden=\"true\"><\/i>31 Juli 2026<\/time>\n                <!-- blockspare-posts-block-post-grid-date -->\n\n        <!-- comment_count -->\n                <!-- comment_count -->\n      <\/div>\n      <!-- blockspare-posts-block-post-grid-byline -->\n    <\/header>\n    <!-- blockspare-posts-block-post-grid-header -->\n\n        <!-- blockspare-posts-block-post-grid-excerpt -->\n        <!-- blockspare-posts-block-post-grid-excerpt -->\n\n  <\/div>\n            <\/div>\n                                <div id=\"3050\" class=\"blockspare-posts-block-post-single blockspare-hover-item  blockspare-hover-child bs-has-equal-height\">\n                  <figure class=\"blockspare-posts-block-post-img hover-child\">\n      <a href=\"https:\/\/swissdaily.ch\/de\/claudio-zali-tessin-justice\/\" aria-label=\"Tessin : Claudio Zali se dessaisit provisoirement de la police et de la justice face \u00e0 une proc\u00e9dure judiciaire\">\n        <img loading=\"lazy\" decoding=\"async\" width=\"300\" height=\"200\" src=\"https:\/\/swissdaily.ch\/wp-content\/uploads\/2026\/07\/30069fb9-b190-47aa-b899-419e93ea9349-300x200.jpg\" class=\"attachment-medium size-medium\" alt=\"Tessin : Claudio Zali se dessaisit provisoirement de la police et de la justice face \u00e0 une proc\u00e9dure judiciaire\" \/>      <\/a>\n          <\/figure>\n                  <div class=\"blockspare-posts-block-post-content  content-order-5 lpc-title-hover\">\n    <div class=\"blockspare-posts-block-bg-overlay\"><\/div>\n    <!-- blockspare-posts-block-post-grid-header -->\n    <header class=\"blockspare-posts-block-post-grid-header\">\n      <!--display category when feature image is disable -->\n            <!--display category when feature image is enable-->\n            <!-- blockspare-posts-block-post-grid-title -->\n              <h2 class=\"blockspare-posts-block-post-grid-title\">\n          <a href=\"https:\/\/swissdaily.ch\/de\/claudio-zali-tessin-justice\/\" class=\"blockspare-posts-block-title-link\"\n            rel=\"bookmark\">\n            <span>Tessin : Claudio Zali se dessaisit provisoirement de la police et de la justice face \u00e0 une proc\u00e9dure judiciaire<\/span>\n          <\/a>\n        <\/h2>\n            <!-- blockspare-posts-block-post-grid-title -->\n\n      <!-- blockspare-posts-block-post-grid-byline -->\n      <div class=\"blockspare-posts-block-post-grid-byline\">\n        <!-- blockspare-posts-block-post-grid-author -->\n                <!-- blockspare-posts-block-post-grid-author -->\n\n        <!-- blockspare-posts-block-post-grid-date -->\n                  <time datetime=\"2026-07-24T19:57:29+00:00\" class=\"blockspare-posts-block-post-grid-date\" itemprop=\"datePublished\"><i class=\"far fa-clock\" aria-hidden=\"true\"><\/i>24 Juli 2026<\/time>\n                <!-- blockspare-posts-block-post-grid-date -->\n\n        <!-- comment_count -->\n                <!-- comment_count -->\n      <\/div>\n      <!-- blockspare-posts-block-post-grid-byline -->\n    <\/header>\n    <!-- blockspare-posts-block-post-grid-header -->\n\n        <!-- blockspare-posts-block-post-grid-excerpt -->\n        <!-- blockspare-posts-block-post-grid-excerpt -->\n\n  <\/div>\n            <\/div>\n                                <div id=\"3033\" class=\"blockspare-posts-block-post-single blockspare-hover-item  blockspare-hover-child bs-has-equal-height\">\n                  <figure class=\"blockspare-posts-block-post-img hover-child\">\n      <a href=\"https:\/\/swissdaily.ch\/de\/initiative-alimentation-sure-suisse\/\" aria-label=\"Initiative \u00abPour une alimentation s\u00fbre\u00bb : autosuffisance alimentaire ou contrainte id\u00e9ologique ?\">\n        <img loading=\"lazy\" decoding=\"async\" width=\"300\" height=\"200\" src=\"https:\/\/swissdaily.ch\/wp-content\/uploads\/2026\/07\/624450845_highres-300x200.jpg\" class=\"attachment-medium size-medium\" alt=\"Initiative \u00abPour une alimentation s\u00fbre\u00bb : autosuffisance alimentaire ou contrainte id\u00e9ologique ?\" \/>      <\/a>\n          <\/figure>\n                  <div class=\"blockspare-posts-block-post-content  content-order-5 lpc-title-hover\">\n    <div class=\"blockspare-posts-block-bg-overlay\"><\/div>\n    <!-- blockspare-posts-block-post-grid-header -->\n    <header class=\"blockspare-posts-block-post-grid-header\">\n      <!--display category when feature image is disable -->\n            <!--display category when feature image is enable-->\n            <!-- blockspare-posts-block-post-grid-title -->\n              <h2 class=\"blockspare-posts-block-post-grid-title\">\n          <a href=\"https:\/\/swissdaily.ch\/de\/initiative-alimentation-sure-suisse\/\" class=\"blockspare-posts-block-title-link\"\n            rel=\"bookmark\">\n            <span>Initiative \u00abPour une alimentation s\u00fbre\u00bb : autosuffisance alimentaire ou contrainte id\u00e9ologique ?<\/span>\n          <\/a>\n        <\/h2>\n            <!-- blockspare-posts-block-post-grid-title -->\n\n      <!-- blockspare-posts-block-post-grid-byline -->\n      <div class=\"blockspare-posts-block-post-grid-byline\">\n        <!-- blockspare-posts-block-post-grid-author -->\n                <!-- blockspare-posts-block-post-grid-author -->\n\n        <!-- blockspare-posts-block-post-grid-date -->\n                  <time datetime=\"2026-07-21T14:57:57+00:00\" class=\"blockspare-posts-block-post-grid-date\" itemprop=\"datePublished\"><i class=\"far fa-clock\" aria-hidden=\"true\"><\/i>21 Juli 2026<\/time>\n                <!-- blockspare-posts-block-post-grid-date -->\n\n        <!-- comment_count -->\n                <!-- comment_count -->\n      <\/div>\n      <!-- blockspare-posts-block-post-grid-byline -->\n    <\/header>\n    <!-- blockspare-posts-block-post-grid-header -->\n\n        <!-- blockspare-posts-block-post-grid-excerpt -->\n        <!-- blockspare-posts-block-post-grid-excerpt -->\n\n  <\/div>\n            <\/div>\n                    \n\n\n      <\/div>\n\n          <\/section>\n\n\n\n  <\/div>\n\n<\/div>\n<\/div>\n\n\n\n<div class=\"wp-block-column is-layout-flow wp-block-column-is-layout-flow\">\n<div class=\"wp-block-group is-layout-flow wp-block-group-is-layout-flow\" style=\"margin-top:0;margin-bottom:0;padding-top:0;padding-right:0;padding-bottom:0;padding-left:0\">\n<div class=\"wp-block-blockspare-blockspare-section-header blockspare-1c27a446-43b3-4 blockspare-section-header-wrapper blockspare-blocks align\" blockspare-animation=\"\"><style>.blockspare-1c27a446-43b3-4 .blockspare-section-head-wrap{background-color:transparent;text-align:left;margin-top:0px;margin-right:0px;margin-bottom:0px;margin-left:0px}.blockspare-1c27a446-43b3-4 .blockspare-section-head-wrap .blockspare-title{color:#fff;font-size:14px}.blockspare-1c27a446-43b3-4 .blockspare-section-head-wrap .blockspare-title-wrapper{padding-top:0px;padding-right:0px;padding-bottom:0px;padding-left:0px}.blockspare-1c27a446-43b3-4 .blockspare-section-head-wrap .blockspare-title-wrapper .blockspare-title{background-color:#000000!important}.blockspare-1c27a446-43b3-4 .blockspare-section-head-wrap .blockspare-title-wrapper .blockspare-lower-dash{border-bottom-color:#000000!important}.blockspare-1c27a446-43b3-4 .blockspare-section-head-wrap .blockspare-subtitle{color:#6d6d6d;font-size:14px;padding-top:0px;padding-right:0px;padding-bottom:0px;padding-left:0px}@media screen and (max-width:1025px){.blockspare-1c27a446-43b3-4 .blockspare-section-head-wrap .blockspare-title{font-size:22px}.blockspare-1c27a446-43b3-4 .blockspare-section-head-wrap .blockspare-subtitle{font-size:14px}}@media screen and (max-width:768px){.blockspare-1c27a446-43b3-4 .blockspare-section-head-wrap .blockspare-title{font-size:20px}.blockspare-1c27a446-43b3-4 .blockspare-section-head-wrap .blockspare-subtitle{font-size:14px}}<\/style><div class=\"blockspare-section-head-wrap blockspare-style18 blockspare-left blockspare-hover-item\"><div class=\"blockspare-title-wrapper\"><span class=\"blockspare-title-dash blockspare-upper-dash\"><\/span><h2 class=\"blockspare-title\">Economie<\/h2><span class=\"blockspare-title-dash blockspare-lower-dash\"><\/span><\/div><div class=\"blockspare-subtitle-wrapper\"><span class=\"blockspare-title-dash blockspare-upper-dash\"><\/span><span class=\"blockspare-title-dash blockspare-lower-dash\"><\/span><\/div><\/div><\/div>\n\n\n<div class=\"wp-block-blockspare-posts-block-blockspare-posts-block-latest-posts alignwide   blockspare-8292f361-78a0-4\" blockspare-animation=\"\">\n  \n    <section class=\"blockspare-posts-block-post-wrap\">\n      <div class=\"blockspare-posts-block-latest-post-wrap blockspare-posts-block-is-list medium-100 has-gutter-20  blockspare-posts-block-list-layout-4 list-col-2\">\n                    <div id=\"3181\" class=\"blockspare-posts-block-post-single blockspare-hover-item  blockspare-hover-child bs-has-equal-height\">\n                  <figure class=\"blockspare-posts-block-post-img hover-child\">\n      <a href=\"https:\/\/swissdaily.ch\/de\/fiscalite-tabac-ue-suisse\/\" aria-label=\"Fiscalit\u00e9 du tabac dans l&rsquo;UE : une r\u00e9forme ambitieuse dont la Suisse doit mesurer les implications\">\n        <img loading=\"lazy\" decoding=\"async\" width=\"300\" height=\"169\" src=\"https:\/\/swissdaily.ch\/wp-content\/uploads\/2026\/08\/1440x810_cmsv2_b325238e-0017-5c61-8d6e-a5b25b305562-9837757-300x169.jpg\" class=\"attachment-medium size-medium\" alt=\"Fiscalit\u00e9 du tabac dans l&apos;UE : une r\u00e9forme ambitieuse dont la Suisse doit mesurer les implications\" \/>      <\/a>\n          <\/figure>\n                  <div class=\"blockspare-posts-block-post-content  content-order-5 lpc-title-hover\">\n    <div class=\"blockspare-posts-block-bg-overlay\"><\/div>\n    <!-- blockspare-posts-block-post-grid-header -->\n    <header class=\"blockspare-posts-block-post-grid-header\">\n      <!--display category when feature image is disable -->\n            <!--display category when feature image is enable-->\n            <!-- blockspare-posts-block-post-grid-title -->\n              <h2 class=\"blockspare-posts-block-post-grid-title\">\n          <a href=\"https:\/\/swissdaily.ch\/de\/fiscalite-tabac-ue-suisse\/\" class=\"blockspare-posts-block-title-link\"\n            rel=\"bookmark\">\n            <span>Fiscalit\u00e9 du tabac dans l&rsquo;UE : une r\u00e9forme ambitieuse dont la Suisse doit mesurer les implications<\/span>\n          <\/a>\n        <\/h2>\n            <!-- blockspare-posts-block-post-grid-title -->\n\n      <!-- blockspare-posts-block-post-grid-byline -->\n      <div class=\"blockspare-posts-block-post-grid-byline\">\n        <!-- blockspare-posts-block-post-grid-author -->\n                <!-- blockspare-posts-block-post-grid-author -->\n\n        <!-- blockspare-posts-block-post-grid-date -->\n                  <time datetime=\"2026-08-19T11:45:42+00:00\" class=\"blockspare-posts-block-post-grid-date\" itemprop=\"datePublished\"><i class=\"far fa-clock\" aria-hidden=\"true\"><\/i>19 August 2026<\/time>\n                <!-- blockspare-posts-block-post-grid-date -->\n\n        <!-- comment_count -->\n                <!-- comment_count -->\n      <\/div>\n      <!-- blockspare-posts-block-post-grid-byline -->\n    <\/header>\n    <!-- blockspare-posts-block-post-grid-header -->\n\n        <!-- blockspare-posts-block-post-grid-excerpt -->\n        <!-- blockspare-posts-block-post-grid-excerpt -->\n\n  <\/div>\n            <\/div>\n                                <div id=\"3179\" class=\"blockspare-posts-block-post-single blockspare-hover-item  blockspare-hover-child bs-has-equal-height\">\n                  <figure class=\"blockspare-posts-block-post-img hover-child\">\n      <a href=\"https:\/\/swissdaily.ch\/de\/rancongiciel-suisse-proces\/\" aria-label=\"Cyberattaques par ran\u00e7ongiciel : un informaticien ukrainien devant le Tribunal de district de Zurich\">\n        <img loading=\"lazy\" decoding=\"async\" width=\"300\" height=\"169\" src=\"https:\/\/swissdaily.ch\/wp-content\/uploads\/2026\/08\/c5b5ddf8-cd5f-4d65-9529-2acf3748a5bf-300x169.jpg\" class=\"attachment-medium size-medium\" alt=\"Cyberattaques par ran\u00e7ongiciel : un informaticien ukrainien devant le Tribunal de district de Zurich\" \/>      <\/a>\n          <\/figure>\n                  <div class=\"blockspare-posts-block-post-content  content-order-5 lpc-title-hover\">\n    <div class=\"blockspare-posts-block-bg-overlay\"><\/div>\n    <!-- blockspare-posts-block-post-grid-header -->\n    <header class=\"blockspare-posts-block-post-grid-header\">\n      <!--display category when feature image is disable -->\n            <!--display category when feature image is enable-->\n            <!-- blockspare-posts-block-post-grid-title -->\n              <h2 class=\"blockspare-posts-block-post-grid-title\">\n          <a href=\"https:\/\/swissdaily.ch\/de\/rancongiciel-suisse-proces\/\" class=\"blockspare-posts-block-title-link\"\n            rel=\"bookmark\">\n            <span>Cyberattaques par ran\u00e7ongiciel : un informaticien ukrainien devant le Tribunal de district de Zurich<\/span>\n          <\/a>\n        <\/h2>\n            <!-- blockspare-posts-block-post-grid-title -->\n\n      <!-- blockspare-posts-block-post-grid-byline -->\n      <div class=\"blockspare-posts-block-post-grid-byline\">\n        <!-- blockspare-posts-block-post-grid-author -->\n                <!-- blockspare-posts-block-post-grid-author -->\n\n        <!-- blockspare-posts-block-post-grid-date -->\n                  <time datetime=\"2026-08-18T19:47:11+00:00\" class=\"blockspare-posts-block-post-grid-date\" itemprop=\"datePublished\"><i class=\"far fa-clock\" aria-hidden=\"true\"><\/i>18 August 2026<\/time>\n                <!-- blockspare-posts-block-post-grid-date -->\n\n        <!-- comment_count -->\n                <!-- comment_count -->\n      <\/div>\n      <!-- blockspare-posts-block-post-grid-byline -->\n    <\/header>\n    <!-- blockspare-posts-block-post-grid-header -->\n\n        <!-- blockspare-posts-block-post-grid-excerpt -->\n        <!-- blockspare-posts-block-post-grid-excerpt -->\n\n  <\/div>\n            <\/div>\n                                <div id=\"3171\" class=\"blockspare-posts-block-post-single blockspare-hover-item  blockspare-hover-child bs-has-equal-height\">\n                  <figure class=\"blockspare-posts-block-post-img hover-child\">\n      <a href=\"https:\/\/swissdaily.ch\/de\/securite-electrique-suisse\/\" aria-label=\"S\u00e9curit\u00e9 \u00e9lectrique : quatre milliards de francs pour combler des d\u00e9cennies de sous-investissement\">\n        <img loading=\"lazy\" decoding=\"async\" width=\"300\" height=\"169\" src=\"https:\/\/swissdaily.ch\/wp-content\/uploads\/2026\/08\/5d383a4f-c321-4551-98ce-5c2eed2a19d8-300x169.jpeg\" class=\"attachment-medium size-medium\" alt=\"S\u00e9curit\u00e9 \u00e9lectrique : quatre milliards de francs pour combler des d\u00e9cennies de sous-investissement\" \/>      <\/a>\n          <\/figure>\n                  <div class=\"blockspare-posts-block-post-content  content-order-5 lpc-title-hover\">\n    <div class=\"blockspare-posts-block-bg-overlay\"><\/div>\n    <!-- blockspare-posts-block-post-grid-header -->\n    <header class=\"blockspare-posts-block-post-grid-header\">\n      <!--display category when feature image is disable -->\n            <!--display category when feature image is enable-->\n            <!-- blockspare-posts-block-post-grid-title -->\n              <h2 class=\"blockspare-posts-block-post-grid-title\">\n          <a href=\"https:\/\/swissdaily.ch\/de\/securite-electrique-suisse\/\" class=\"blockspare-posts-block-title-link\"\n            rel=\"bookmark\">\n            <span>S\u00e9curit\u00e9 \u00e9lectrique : quatre milliards de francs pour combler des d\u00e9cennies de sous-investissement<\/span>\n          <\/a>\n        <\/h2>\n            <!-- blockspare-posts-block-post-grid-title -->\n\n      <!-- blockspare-posts-block-post-grid-byline -->\n      <div class=\"blockspare-posts-block-post-grid-byline\">\n        <!-- blockspare-posts-block-post-grid-author -->\n                <!-- blockspare-posts-block-post-grid-author -->\n\n        <!-- blockspare-posts-block-post-grid-date -->\n                  <time datetime=\"2026-08-17T15:12:28+00:00\" class=\"blockspare-posts-block-post-grid-date\" itemprop=\"datePublished\"><i class=\"far fa-clock\" aria-hidden=\"true\"><\/i>17 August 2026<\/time>\n                <!-- blockspare-posts-block-post-grid-date -->\n\n        <!-- comment_count -->\n                <!-- comment_count -->\n      <\/div>\n      <!-- blockspare-posts-block-post-grid-byline -->\n    <\/header>\n    <!-- blockspare-posts-block-post-grid-header -->\n\n        <!-- blockspare-posts-block-post-grid-excerpt -->\n        <!-- blockspare-posts-block-post-grid-excerpt -->\n\n  <\/div>\n            <\/div>\n                                <div id=\"3156\" class=\"blockspare-posts-block-post-single blockspare-hover-item  blockspare-hover-child bs-has-equal-height\">\n                  <figure class=\"blockspare-posts-block-post-img hover-child\">\n      <a href=\"https:\/\/swissdaily.ch\/de\/secheresse-agriculture-suisse\/\" aria-label=\"S\u00e9cheresse en Suisse : l&rsquo;approvisionnement agricole tient, mais les tensions sur le march\u00e9 fourrager s&rsquo;accentuent\">\n        <img loading=\"lazy\" decoding=\"async\" width=\"300\" height=\"200\" src=\"https:\/\/swissdaily.ch\/wp-content\/uploads\/2026\/08\/e96a5350-d89a-4477-9ebd-ba5a7249ea1b-300x200.jpg\" class=\"attachment-medium size-medium\" alt=\"S\u00e9cheresse en Suisse : l&apos;approvisionnement agricole tient, mais les tensions sur le march\u00e9 fourrager s&apos;accentuent\" \/>      <\/a>\n          <\/figure>\n                  <div class=\"blockspare-posts-block-post-content  content-order-5 lpc-title-hover\">\n    <div class=\"blockspare-posts-block-bg-overlay\"><\/div>\n    <!-- blockspare-posts-block-post-grid-header -->\n    <header class=\"blockspare-posts-block-post-grid-header\">\n      <!--display category when feature image is disable -->\n            <!--display category when feature image is enable-->\n            <!-- blockspare-posts-block-post-grid-title -->\n              <h2 class=\"blockspare-posts-block-post-grid-title\">\n          <a href=\"https:\/\/swissdaily.ch\/de\/secheresse-agriculture-suisse\/\" class=\"blockspare-posts-block-title-link\"\n            rel=\"bookmark\">\n            <span>S\u00e9cheresse en Suisse : l&rsquo;approvisionnement agricole tient, mais les tensions sur le march\u00e9 fourrager s&rsquo;accentuent<\/span>\n          <\/a>\n        <\/h2>\n            <!-- blockspare-posts-block-post-grid-title -->\n\n      <!-- blockspare-posts-block-post-grid-byline -->\n      <div class=\"blockspare-posts-block-post-grid-byline\">\n        <!-- blockspare-posts-block-post-grid-author -->\n                <!-- blockspare-posts-block-post-grid-author -->\n\n        <!-- blockspare-posts-block-post-grid-date -->\n                  <time datetime=\"2026-08-14T19:36:35+00:00\" class=\"blockspare-posts-block-post-grid-date\" itemprop=\"datePublished\"><i class=\"far fa-clock\" aria-hidden=\"true\"><\/i>14 August 2026<\/time>\n                <!-- blockspare-posts-block-post-grid-date -->\n\n        <!-- comment_count -->\n                <!-- comment_count -->\n      <\/div>\n      <!-- blockspare-posts-block-post-grid-byline -->\n    <\/header>\n    <!-- blockspare-posts-block-post-grid-header -->\n\n        <!-- blockspare-posts-block-post-grid-excerpt -->\n        <!-- blockspare-posts-block-post-grid-excerpt -->\n\n  <\/div>\n            <\/div>\n                    \n\n\n      <\/div>\n\n          <\/section>\n\n\n\n  <\/div>\n\n<\/div>\n<\/div>\n\n\n\n<div class=\"wp-block-column is-layout-flow wp-block-column-is-layout-flow\">\n<div class=\"wp-block-group is-layout-flow wp-block-group-is-layout-flow\" style=\"margin-top:0;margin-bottom:0;padding-top:0;padding-right:0;padding-bottom:0;padding-left:0\">\n<div class=\"wp-block-blockspare-blockspare-section-header blockspare-238de569-f04c-4 blockspare-section-header-wrapper blockspare-blocks align\" blockspare-animation=\"\"><style>.blockspare-238de569-f04c-4 .blockspare-section-head-wrap{background-color:transparent;text-align:left;margin-top:0px;margin-right:0px;margin-bottom:0px;margin-left:0px}.blockspare-238de569-f04c-4 .blockspare-section-head-wrap .blockspare-title{color:#fff;font-size:14px}.blockspare-238de569-f04c-4 .blockspare-section-head-wrap .blockspare-title-wrapper{padding-top:0px;padding-right:0px;padding-bottom:0px;padding-left:0px}.blockspare-238de569-f04c-4 .blockspare-section-head-wrap .blockspare-title-wrapper .blockspare-title{background-color:#8954c1!important}.blockspare-238de569-f04c-4 .blockspare-section-head-wrap .blockspare-title-wrapper .blockspare-lower-dash{border-bottom-color:#8954c1!important}.blockspare-238de569-f04c-4 .blockspare-section-head-wrap .blockspare-subtitle{color:#6d6d6d;font-size:14px;padding-top:0px;padding-right:0px;padding-bottom:0px;padding-left:0px}@media screen and (max-width:1025px){.blockspare-238de569-f04c-4 .blockspare-section-head-wrap .blockspare-title{font-size:22px}.blockspare-238de569-f04c-4 .blockspare-section-head-wrap .blockspare-subtitle{font-size:14px}}@media screen and (max-width:768px){.blockspare-238de569-f04c-4 .blockspare-section-head-wrap .blockspare-title{font-size:20px}.blockspare-238de569-f04c-4 .blockspare-section-head-wrap .blockspare-subtitle{font-size:14px}}<\/style><div class=\"blockspare-section-head-wrap blockspare-style18 blockspare-left blockspare-hover-item\"><div class=\"blockspare-title-wrapper\"><span class=\"blockspare-title-dash blockspare-upper-dash\"><\/span><h2 class=\"blockspare-title\">Culture<\/h2><span class=\"blockspare-title-dash blockspare-lower-dash\"><\/span><\/div><div class=\"blockspare-subtitle-wrapper\"><span class=\"blockspare-title-dash blockspare-upper-dash\"><\/span><span class=\"blockspare-title-dash blockspare-lower-dash\"><\/span><\/div><\/div><\/div>\n\n\n<div class=\"wp-block-blockspare-posts-block-blockspare-posts-block-latest-posts alignwide   blockspare-32959270-f607-4\" blockspare-animation=\"\">\n  \n    <section class=\"blockspare-posts-block-post-wrap\">\n      <div class=\"blockspare-posts-block-latest-post-wrap blockspare-posts-block-is-list medium-100 has-gutter-20  blockspare-posts-block-list-layout-4 list-col-2\">\n                    <div id=\"3166\" class=\"blockspare-posts-block-post-single blockspare-hover-item  blockspare-hover-child bs-has-equal-height\">\n                  <figure class=\"blockspare-posts-block-post-img hover-child\">\n      <a href=\"https:\/\/swissdaily.ch\/de\/ia-marche-du-travail-suisse\/\" aria-label=\"IA et march\u00e9 du travail suisse : entre transformation structurelle et prudence n\u00e9cessaire\">\n        <img loading=\"lazy\" decoding=\"async\" width=\"300\" height=\"200\" src=\"https:\/\/swissdaily.ch\/wp-content\/uploads\/2026\/08\/robotworker-300x200.jpg\" class=\"attachment-medium size-medium\" alt=\"IA et march\u00e9 du travail suisse : entre transformation structurelle et prudence n\u00e9cessaire\" \/>      <\/a>\n          <\/figure>\n                  <div class=\"blockspare-posts-block-post-content  content-order-5 lpc-title-hover\">\n    <div class=\"blockspare-posts-block-bg-overlay\"><\/div>\n    <!-- blockspare-posts-block-post-grid-header -->\n    <header class=\"blockspare-posts-block-post-grid-header\">\n      <!--display category when feature image is disable -->\n            <!--display category when feature image is enable-->\n            <!-- blockspare-posts-block-post-grid-title -->\n              <h2 class=\"blockspare-posts-block-post-grid-title\">\n          <a href=\"https:\/\/swissdaily.ch\/de\/ia-marche-du-travail-suisse\/\" class=\"blockspare-posts-block-title-link\"\n            rel=\"bookmark\">\n            <span>IA et march\u00e9 du travail suisse : entre transformation structurelle et prudence n\u00e9cessaire<\/span>\n          <\/a>\n        <\/h2>\n            <!-- blockspare-posts-block-post-grid-title -->\n\n      <!-- blockspare-posts-block-post-grid-byline -->\n      <div class=\"blockspare-posts-block-post-grid-byline\">\n        <!-- blockspare-posts-block-post-grid-author -->\n                <!-- blockspare-posts-block-post-grid-author -->\n\n        <!-- blockspare-posts-block-post-grid-date -->\n                  <time datetime=\"2026-08-15T13:12:26+00:00\" class=\"blockspare-posts-block-post-grid-date\" itemprop=\"datePublished\"><i class=\"far fa-clock\" aria-hidden=\"true\"><\/i>15 August 2026<\/time>\n                <!-- blockspare-posts-block-post-grid-date -->\n\n        <!-- comment_count -->\n                <!-- comment_count -->\n      <\/div>\n      <!-- blockspare-posts-block-post-grid-byline -->\n    <\/header>\n    <!-- blockspare-posts-block-post-grid-header -->\n\n        <!-- blockspare-posts-block-post-grid-excerpt -->\n        <!-- blockspare-posts-block-post-grid-excerpt -->\n\n  <\/div>\n            <\/div>\n                                <div id=\"3146\" class=\"blockspare-posts-block-post-single blockspare-hover-item  blockspare-hover-child bs-has-equal-height\">\n                  <figure class=\"blockspare-posts-block-post-img hover-child\">\n      <a href=\"https:\/\/swissdaily.ch\/de\/regulation-plateformes-numeriques\/\" aria-label=\"Ceuta et d\u00e9sinformation : ce que l&rsquo;accord UE-Meta-TikTok r\u00e9v\u00e8le sur la r\u00e9gulation des plateformes num\u00e9riques\">\n        <img loading=\"lazy\" decoding=\"async\" width=\"300\" height=\"169\" src=\"https:\/\/swissdaily.ch\/wp-content\/uploads\/2026\/08\/5489a85c-f045-4c18-8914-1b59a0283500-300x169.jpg\" class=\"attachment-medium size-medium\" alt=\"Ceuta et d\u00e9sinformation : ce que l&apos;accord UE-Meta-TikTok r\u00e9v\u00e8le sur la r\u00e9gulation des plateformes num\u00e9riques\" \/>      <\/a>\n          <\/figure>\n                  <div class=\"blockspare-posts-block-post-content  content-order-5 lpc-title-hover\">\n    <div class=\"blockspare-posts-block-bg-overlay\"><\/div>\n    <!-- blockspare-posts-block-post-grid-header -->\n    <header class=\"blockspare-posts-block-post-grid-header\">\n      <!--display category when feature image is disable -->\n            <!--display category when feature image is enable-->\n            <!-- blockspare-posts-block-post-grid-title -->\n              <h2 class=\"blockspare-posts-block-post-grid-title\">\n          <a href=\"https:\/\/swissdaily.ch\/de\/regulation-plateformes-numeriques\/\" class=\"blockspare-posts-block-title-link\"\n            rel=\"bookmark\">\n            <span>Ceuta et d\u00e9sinformation : ce que l&rsquo;accord UE-Meta-TikTok r\u00e9v\u00e8le sur la r\u00e9gulation des plateformes num\u00e9riques<\/span>\n          <\/a>\n        <\/h2>\n            <!-- blockspare-posts-block-post-grid-title -->\n\n      <!-- blockspare-posts-block-post-grid-byline -->\n      <div class=\"blockspare-posts-block-post-grid-byline\">\n        <!-- blockspare-posts-block-post-grid-author -->\n                <!-- blockspare-posts-block-post-grid-author -->\n\n        <!-- blockspare-posts-block-post-grid-date -->\n                  <time datetime=\"2026-08-12T17:28:24+00:00\" class=\"blockspare-posts-block-post-grid-date\" itemprop=\"datePublished\"><i class=\"far fa-clock\" aria-hidden=\"true\"><\/i>12 August 2026<\/time>\n                <!-- blockspare-posts-block-post-grid-date -->\n\n        <!-- comment_count -->\n                <!-- comment_count -->\n      <\/div>\n      <!-- blockspare-posts-block-post-grid-byline -->\n    <\/header>\n    <!-- blockspare-posts-block-post-grid-header -->\n\n        <!-- blockspare-posts-block-post-grid-excerpt -->\n        <!-- blockspare-posts-block-post-grid-excerpt -->\n\n  <\/div>\n            <\/div>\n                                <div id=\"3095\" class=\"blockspare-posts-block-post-single blockspare-hover-item  blockspare-hover-child bs-has-equal-height\">\n                  <figure class=\"blockspare-posts-block-post-img hover-child\">\n      <a href=\"https:\/\/swissdaily.ch\/de\/ai-act-europeen-suisse\/\" aria-label=\"L&rsquo;AI Act europ\u00e9en entre en application : enjeux r\u00e9glementaires et implications pour la Suisse\">\n        <img loading=\"lazy\" decoding=\"async\" width=\"300\" height=\"169\" src=\"https:\/\/swissdaily.ch\/wp-content\/uploads\/2026\/08\/1440x810_cmsv2_b29bb7fe-1f9b-589f-875a-c78ca851d748-9857444-300x169.jpg\" class=\"attachment-medium size-medium\" alt=\"L&apos;AI Act europ\u00e9en entre en application : enjeux r\u00e9glementaires et implications pour la Suisse\" \/>      <\/a>\n          <\/figure>\n                  <div class=\"blockspare-posts-block-post-content  content-order-5 lpc-title-hover\">\n    <div class=\"blockspare-posts-block-bg-overlay\"><\/div>\n    <!-- blockspare-posts-block-post-grid-header -->\n    <header class=\"blockspare-posts-block-post-grid-header\">\n      <!--display category when feature image is disable -->\n            <!--display category when feature image is enable-->\n            <!-- blockspare-posts-block-post-grid-title -->\n              <h2 class=\"blockspare-posts-block-post-grid-title\">\n          <a href=\"https:\/\/swissdaily.ch\/de\/ai-act-europeen-suisse\/\" class=\"blockspare-posts-block-title-link\"\n            rel=\"bookmark\">\n            <span>L&rsquo;AI Act europ\u00e9en entre en application : enjeux r\u00e9glementaires et implications pour la Suisse<\/span>\n          <\/a>\n        <\/h2>\n            <!-- blockspare-posts-block-post-grid-title -->\n\n      <!-- blockspare-posts-block-post-grid-byline -->\n      <div class=\"blockspare-posts-block-post-grid-byline\">\n        <!-- blockspare-posts-block-post-grid-author -->\n                <!-- blockspare-posts-block-post-grid-author -->\n\n        <!-- blockspare-posts-block-post-grid-date -->\n                  <time datetime=\"2026-08-03T16:45:44+00:00\" class=\"blockspare-posts-block-post-grid-date\" itemprop=\"datePublished\"><i class=\"far fa-clock\" aria-hidden=\"true\"><\/i>3 August 2026<\/time>\n                <!-- blockspare-posts-block-post-grid-date -->\n\n        <!-- comment_count -->\n                <!-- comment_count -->\n      <\/div>\n      <!-- blockspare-posts-block-post-grid-byline -->\n    <\/header>\n    <!-- blockspare-posts-block-post-grid-header -->\n\n        <!-- blockspare-posts-block-post-grid-excerpt -->\n        <!-- blockspare-posts-block-post-grid-excerpt -->\n\n  <\/div>\n            <\/div>\n                                <div id=\"3079\" class=\"blockspare-posts-block-post-single blockspare-hover-item  blockspare-hover-child bs-has-equal-height\">\n                  <figure class=\"blockspare-posts-block-post-img hover-child\">\n      <a href=\"https:\/\/swissdaily.ch\/de\/chat-control-surveillance-europe\/\" aria-label=\"Chat Control : ce que le projet de surveillance europ\u00e9en implique pour la messagerie priv\u00e9e en Suisse et en Europe\">\n        <img loading=\"lazy\" decoding=\"async\" width=\"300\" height=\"169\" src=\"https:\/\/swissdaily.ch\/wp-content\/uploads\/2026\/07\/1440x810_cmsv2_cde20c6a-1425-5858-b220-122561bf5942-9853514-300x169.jpg\" class=\"attachment-medium size-medium\" alt=\"Chat Control : ce que le projet de surveillance europ\u00e9en implique pour la messagerie priv\u00e9e en Suisse et en Europe\" \/>      <\/a>\n          <\/figure>\n                  <div class=\"blockspare-posts-block-post-content  content-order-5 lpc-title-hover\">\n    <div class=\"blockspare-posts-block-bg-overlay\"><\/div>\n    <!-- blockspare-posts-block-post-grid-header -->\n    <header class=\"blockspare-posts-block-post-grid-header\">\n      <!--display category when feature image is disable -->\n            <!--display category when feature image is enable-->\n            <!-- blockspare-posts-block-post-grid-title -->\n              <h2 class=\"blockspare-posts-block-post-grid-title\">\n          <a href=\"https:\/\/swissdaily.ch\/de\/chat-control-surveillance-europe\/\" class=\"blockspare-posts-block-title-link\"\n            rel=\"bookmark\">\n            <span>Chat Control : ce que le projet de surveillance europ\u00e9en implique pour la messagerie priv\u00e9e en Suisse et en Europe<\/span>\n          <\/a>\n        <\/h2>\n            <!-- blockspare-posts-block-post-grid-title -->\n\n      <!-- blockspare-posts-block-post-grid-byline -->\n      <div class=\"blockspare-posts-block-post-grid-byline\">\n        <!-- blockspare-posts-block-post-grid-author -->\n                <!-- blockspare-posts-block-post-grid-author -->\n\n        <!-- blockspare-posts-block-post-grid-date -->\n                  <time datetime=\"2026-07-30T15:11:32+00:00\" class=\"blockspare-posts-block-post-grid-date\" itemprop=\"datePublished\"><i class=\"far fa-clock\" aria-hidden=\"true\"><\/i>30 Juli 2026<\/time>\n                <!-- blockspare-posts-block-post-grid-date -->\n\n        <!-- comment_count -->\n                <!-- comment_count -->\n      <\/div>\n      <!-- blockspare-posts-block-post-grid-byline -->\n    <\/header>\n    <!-- blockspare-posts-block-post-grid-header -->\n\n        <!-- blockspare-posts-block-post-grid-excerpt -->\n        <!-- blockspare-posts-block-post-grid-excerpt -->\n\n  <\/div>\n            <\/div>\n                    \n\n\n      <\/div>\n\n          <\/section>\n\n\n\n  <\/div>\n\n<\/div>\n<\/div>\n<\/div>\n<\/div>\n\n\n\n<div class=\"wp-block-group alignwide is-layout-constrained wp-container-core-group-is-layout-30ae3912 wp-block-group-is-layout-constrained\" style=\"margin-top:0px;margin-bottom:0px;padding-top:0;padding-right:20px;padding-bottom:0;padding-left:20px\">\n<div class=\"wp-block-blockspare-blockspare-section-header alignwide blockspare-a7746573-20ee-4 blockspare-section-header-wrapper blockspare-blocks\" blockspare-animation=\"\"><style>.blockspare-a7746573-20ee-4 .blockspare-section-head-wrap{background-color:transparent;text-align:left;margin-top:0px;margin-right:0px;margin-bottom:0px;margin-left:0px}.blockspare-a7746573-20ee-4 .blockspare-section-head-wrap .blockspare-title{color:#fff;font-size:14px}.blockspare-a7746573-20ee-4 .blockspare-section-head-wrap .blockspare-title-wrapper{padding-top:0px;padding-right:0px;padding-bottom:0px;padding-left:0px}.blockspare-a7746573-20ee-4 .blockspare-section-head-wrap .blockspare-title-wrapper .blockspare-title{background-color:#cf2e2e!important}.blockspare-a7746573-20ee-4 .blockspare-section-head-wrap .blockspare-title-wrapper .blockspare-lower-dash{border-bottom-color:#cf2e2e!important}.blockspare-a7746573-20ee-4 .blockspare-section-head-wrap .blockspare-subtitle{color:#6d6d6d;font-size:14px;padding-top:0px;padding-right:0px;padding-bottom:0px;padding-left:0px}@media screen and (max-width:1025px){.blockspare-a7746573-20ee-4 .blockspare-section-head-wrap .blockspare-title{font-size:22px}.blockspare-a7746573-20ee-4 .blockspare-section-head-wrap .blockspare-subtitle{font-size:14px}}@media screen and (max-width:768px){.blockspare-a7746573-20ee-4 .blockspare-section-head-wrap .blockspare-title{font-size:20px}.blockspare-a7746573-20ee-4 .blockspare-section-head-wrap .blockspare-subtitle{font-size:14px}}<\/style><div class=\"blockspare-section-head-wrap blockspare-style18 blockspare-left blockspare-hover-item\"><div class=\"blockspare-title-wrapper\"><span class=\"blockspare-title-dash blockspare-upper-dash\"><\/span><h2 class=\"blockspare-title\">Sport<\/h2><span class=\"blockspare-title-dash blockspare-lower-dash\"><\/span><\/div><div class=\"blockspare-subtitle-wrapper\"><span class=\"blockspare-title-dash blockspare-upper-dash\"><\/span><span class=\"blockspare-title-dash blockspare-lower-dash\"><\/span><\/div><\/div><\/div>\n\n\n<div class=\"wp-block-blockspare-posts-block-blockspare-posts-block-latest-posts alignwide   blockspare-345149e7-2a3a-4\" blockspare-animation=\"\">\n  \n    <section class=\"blockspare-posts-block-post-wrap\">\n      <div class=\"blockspare-posts-block-latest-post-wrap blockspare-posts-block-is-grid has-gutter-20 column-4  blockspare-posts-block-grid-layout-4\">\n                    <div id=\"3132\" class=\"blockspare-posts-block-post-single blockspare-hover-item  blockspare-hover-child bs-has-equal-height\">\n                  <figure class=\"blockspare-posts-block-post-img hover-child\">\n      <a href=\"https:\/\/swissdaily.ch\/de\/fifa-uefa-gouvernance\/\" aria-label=\"FIFA contre UEFA : la d\u00e9fense d&rsquo;Infantino r\u00e9v\u00e8le des fractures profondes au sommet du football mondial\">\n        <img loading=\"lazy\" decoding=\"async\" width=\"1024\" height=\"576\" src=\"https:\/\/swissdaily.ch\/wp-content\/uploads\/2026\/08\/1440x810_cmsv2_b0cac95b-e5bb-5da1-b4f3-dd9a7eb24b88-9867624-1024x576.jpg\" class=\"attachment-large size-large\" alt=\"FIFA contre UEFA : la d\u00e9fense d&apos;Infantino r\u00e9v\u00e8le des fractures profondes au sommet du football mondial\" \/>      <\/a>\n          <\/figure>\n                  <div class=\"blockspare-posts-block-post-content  content-order-5 lpc-title-hover\">\n    <div class=\"blockspare-posts-block-bg-overlay\"><\/div>\n    <!-- blockspare-posts-block-post-grid-header -->\n    <header class=\"blockspare-posts-block-post-grid-header\">\n      <!--display category when feature image is disable -->\n            <!--display category when feature image is enable-->\n              <!-- Category     -->\n        <div class=\"blockspare-posts-block-post-category\">\n          <a href=\"https:\/\/swissdaily.ch\/de\/category\/actualites\/\" rel=\"category tag\">Actualit\u00e9s<\/a> <a href=\"https:\/\/swissdaily.ch\/de\/category\/sports\/\" rel=\"category tag\">Sports<\/a>        <\/div>\n        <!-- Category     -->\n            <!-- blockspare-posts-block-post-grid-title -->\n              <h2 class=\"blockspare-posts-block-post-grid-title\">\n          <a href=\"https:\/\/swissdaily.ch\/de\/fifa-uefa-gouvernance\/\" class=\"blockspare-posts-block-title-link\"\n            rel=\"bookmark\">\n            <span>FIFA contre UEFA : la d\u00e9fense d&rsquo;Infantino r\u00e9v\u00e8le des fractures profondes au sommet du football mondial<\/span>\n          <\/a>\n        <\/h2>\n            <!-- blockspare-posts-block-post-grid-title -->\n\n      <!-- blockspare-posts-block-post-grid-byline -->\n      <div class=\"blockspare-posts-block-post-grid-byline\">\n        <!-- blockspare-posts-block-post-grid-author -->\n                  <div class=\"blockspare-posts-block-post-grid-author\">\n            <!-- <a class=\"blockspare-posts-block-text-link\" href=\"https:\/\/swissdaily.ch\/de\/author\/rochat-n\/\"\n                                        itemprop=\"url\" rel=\"author\">\n                                        <span itemprop=\"name\">\n                                            <i class=\"far fa-user-circle\"><\/i>\n                                            Nicolas Rochat                                        <\/span>\n                                    <\/a> -->\n                           <a class=\"blockspare-posts-block-text-link\" href=\"https:\/\/swissdaily.ch\/de\/author\/rochat-n\/\" itemprop=\"url\" rel=\"author\">\n                    <span itemprop=\"name\"><i class=\"far fa-user-circle\"><\/i>Nicolas Rochat<\/span>\n                <\/a>\n                 <\/div>\n                <!-- blockspare-posts-block-post-grid-author -->\n\n        <!-- blockspare-posts-block-post-grid-date -->\n                  <time datetime=\"2026-08-10T14:04:08+00:00\" class=\"blockspare-posts-block-post-grid-date\" itemprop=\"datePublished\"><i class=\"far fa-clock\" aria-hidden=\"true\"><\/i>10 August 2026<\/time>\n                <!-- blockspare-posts-block-post-grid-date -->\n\n        <!-- comment_count -->\n                <!-- comment_count -->\n      <\/div>\n      <!-- blockspare-posts-block-post-grid-byline -->\n    <\/header>\n    <!-- blockspare-posts-block-post-grid-header -->\n\n        <!-- blockspare-posts-block-post-grid-excerpt -->\n        <!-- blockspare-posts-block-post-grid-excerpt -->\n\n  <\/div>\n            <\/div>\n                                <div id=\"3083\" class=\"blockspare-posts-block-post-single blockspare-hover-item  blockspare-hover-child bs-has-equal-height\">\n                  <figure class=\"blockspare-posts-block-post-img hover-child\">\n      <a href=\"https:\/\/swissdaily.ch\/de\/fifa-forward-enterprise\/\" aria-label=\"FIFA Forward Enterprise : la FIFA maintient son projet d&rsquo;ouverture aux investisseurs priv\u00e9s malgr\u00e9 l&rsquo;opposition europ\u00e9enne\">\n        <img loading=\"lazy\" decoding=\"async\" width=\"1024\" height=\"576\" src=\"https:\/\/swissdaily.ch\/wp-content\/uploads\/2026\/07\/85aceabf-bb23-4ca3-a3f6-0bba6f4e571c.jpg\" class=\"attachment-large size-large\" alt=\"FIFA Forward Enterprise : la FIFA maintient son projet d&apos;ouverture aux investisseurs priv\u00e9s malgr\u00e9 l&apos;opposition europ\u00e9enne\" \/>      <\/a>\n          <\/figure>\n                  <div class=\"blockspare-posts-block-post-content  content-order-5 lpc-title-hover\">\n    <div class=\"blockspare-posts-block-bg-overlay\"><\/div>\n    <!-- blockspare-posts-block-post-grid-header -->\n    <header class=\"blockspare-posts-block-post-grid-header\">\n      <!--display category when feature image is disable -->\n            <!--display category when feature image is enable-->\n              <!-- Category     -->\n        <div class=\"blockspare-posts-block-post-category\">\n          <a href=\"https:\/\/swissdaily.ch\/de\/category\/actualites\/\" rel=\"category tag\">Actualit\u00e9s<\/a> <a href=\"https:\/\/swissdaily.ch\/de\/category\/sports\/\" rel=\"category tag\">Sports<\/a>        <\/div>\n        <!-- Category     -->\n            <!-- blockspare-posts-block-post-grid-title -->\n              <h2 class=\"blockspare-posts-block-post-grid-title\">\n          <a href=\"https:\/\/swissdaily.ch\/de\/fifa-forward-enterprise\/\" class=\"blockspare-posts-block-title-link\"\n            rel=\"bookmark\">\n            <span>FIFA Forward Enterprise : la FIFA maintient son projet d&rsquo;ouverture aux investisseurs priv\u00e9s malgr\u00e9 l&rsquo;opposition europ\u00e9enne<\/span>\n          <\/a>\n        <\/h2>\n            <!-- blockspare-posts-block-post-grid-title -->\n\n      <!-- blockspare-posts-block-post-grid-byline -->\n      <div class=\"blockspare-posts-block-post-grid-byline\">\n        <!-- blockspare-posts-block-post-grid-author -->\n                  <div class=\"blockspare-posts-block-post-grid-author\">\n            <!-- <a class=\"blockspare-posts-block-text-link\" href=\"https:\/\/swissdaily.ch\/de\/author\/vuilleumier-c\/\"\n                                        itemprop=\"url\" rel=\"author\">\n                                        <span itemprop=\"name\">\n                                            <i class=\"far fa-user-circle\"><\/i>\n                                            Camille Vuilleumier                                        <\/span>\n                                    <\/a> -->\n                           <a class=\"blockspare-posts-block-text-link\" href=\"https:\/\/swissdaily.ch\/de\/author\/vuilleumier-c\/\" itemprop=\"url\" rel=\"author\">\n                    <span itemprop=\"name\"><i class=\"far fa-user-circle\"><\/i>Camille Vuilleumier<\/span>\n                <\/a>\n                 <\/div>\n                <!-- blockspare-posts-block-post-grid-author -->\n\n        <!-- blockspare-posts-block-post-grid-date -->\n                  <time datetime=\"2026-07-31T19:40:18+00:00\" class=\"blockspare-posts-block-post-grid-date\" itemprop=\"datePublished\"><i class=\"far fa-clock\" aria-hidden=\"true\"><\/i>31 Juli 2026<\/time>\n                <!-- blockspare-posts-block-post-grid-date -->\n\n        <!-- comment_count -->\n                <!-- comment_count -->\n      <\/div>\n      <!-- blockspare-posts-block-post-grid-byline -->\n    <\/header>\n    <!-- blockspare-posts-block-post-grid-header -->\n\n        <!-- blockspare-posts-block-post-grid-excerpt -->\n        <!-- blockspare-posts-block-post-grid-excerpt -->\n\n  <\/div>\n            <\/div>\n                                <div id=\"3071\" class=\"blockspare-posts-block-post-single blockspare-hover-item  blockspare-hover-child bs-has-equal-height\">\n                  <figure class=\"blockspare-posts-block-post-img hover-child\">\n      <a href=\"https:\/\/swissdaily.ch\/de\/fifa-investisseurs-prives\/\" aria-label=\"La FIFA envisage d&rsquo;ouvrir la Coupe du monde \u00e0 des investisseurs priv\u00e9s : l&rsquo;UEFA monte au cr\u00e9neau\">\n        <img loading=\"lazy\" decoding=\"async\" width=\"1024\" height=\"576\" src=\"https:\/\/swissdaily.ch\/wp-content\/uploads\/2026\/07\/7ee22614-4dc6-405e-96be-21f359796db8.jpg\" class=\"attachment-large size-large\" alt=\"La FIFA envisage d&apos;ouvrir la Coupe du monde \u00e0 des investisseurs priv\u00e9s : l&apos;UEFA monte au cr\u00e9neau\" \/>      <\/a>\n          <\/figure>\n                  <div class=\"blockspare-posts-block-post-content  content-order-5 lpc-title-hover\">\n    <div class=\"blockspare-posts-block-bg-overlay\"><\/div>\n    <!-- blockspare-posts-block-post-grid-header -->\n    <header class=\"blockspare-posts-block-post-grid-header\">\n      <!--display category when feature image is disable -->\n            <!--display category when feature image is enable-->\n              <!-- Category     -->\n        <div class=\"blockspare-posts-block-post-category\">\n          <a href=\"https:\/\/swissdaily.ch\/de\/category\/actualites\/\" rel=\"category tag\">Actualit\u00e9s<\/a> <a href=\"https:\/\/swissdaily.ch\/de\/category\/sports\/\" rel=\"category tag\">Sports<\/a>        <\/div>\n        <!-- Category     -->\n            <!-- blockspare-posts-block-post-grid-title -->\n              <h2 class=\"blockspare-posts-block-post-grid-title\">\n          <a href=\"https:\/\/swissdaily.ch\/de\/fifa-investisseurs-prives\/\" class=\"blockspare-posts-block-title-link\"\n            rel=\"bookmark\">\n            <span>La FIFA envisage d&rsquo;ouvrir la Coupe du monde \u00e0 des investisseurs priv\u00e9s : l&rsquo;UEFA monte au cr\u00e9neau<\/span>\n          <\/a>\n        <\/h2>\n            <!-- blockspare-posts-block-post-grid-title -->\n\n      <!-- blockspare-posts-block-post-grid-byline -->\n      <div class=\"blockspare-posts-block-post-grid-byline\">\n        <!-- blockspare-posts-block-post-grid-author -->\n                  <div class=\"blockspare-posts-block-post-grid-author\">\n            <!-- <a class=\"blockspare-posts-block-text-link\" href=\"https:\/\/swissdaily.ch\/de\/author\/vuilleumier-c\/\"\n                                        itemprop=\"url\" rel=\"author\">\n                                        <span itemprop=\"name\">\n                                            <i class=\"far fa-user-circle\"><\/i>\n                                            Camille Vuilleumier                                        <\/span>\n                                    <\/a> -->\n                           <a class=\"blockspare-posts-block-text-link\" href=\"https:\/\/swissdaily.ch\/de\/author\/vuilleumier-c\/\" itemprop=\"url\" rel=\"author\">\n                    <span itemprop=\"name\"><i class=\"far fa-user-circle\"><\/i>Camille Vuilleumier<\/span>\n                <\/a>\n                 <\/div>\n                <!-- blockspare-posts-block-post-grid-author -->\n\n        <!-- blockspare-posts-block-post-grid-date -->\n                  <time datetime=\"2026-07-29T11:44:58+00:00\" class=\"blockspare-posts-block-post-grid-date\" itemprop=\"datePublished\"><i class=\"far fa-clock\" aria-hidden=\"true\"><\/i>29 Juli 2026<\/time>\n                <!-- blockspare-posts-block-post-grid-date -->\n\n        <!-- comment_count -->\n                <!-- comment_count -->\n      <\/div>\n      <!-- blockspare-posts-block-post-grid-byline -->\n    <\/header>\n    <!-- blockspare-posts-block-post-grid-header -->\n\n        <!-- blockspare-posts-block-post-grid-excerpt -->\n        <!-- blockspare-posts-block-post-grid-excerpt -->\n\n  <\/div>\n            <\/div>\n                                <div id=\"3002\" class=\"blockspare-posts-block-post-single blockspare-hover-item  blockspare-hover-child bs-has-equal-height\">\n                  <figure class=\"blockspare-posts-block-post-img hover-child\">\n      <a href=\"https:\/\/swissdaily.ch\/de\/coupe-du-monde-2026-argentine\/\" aria-label=\"Coupe du Monde 2026 : l&rsquo;Argentine renverse l&rsquo;Angleterre et retrouve l&rsquo;Espagne en finale\">\n        <img loading=\"lazy\" decoding=\"async\" width=\"1024\" height=\"576\" src=\"https:\/\/swissdaily.ch\/wp-content\/uploads\/2026\/07\/503be01d-fb82-4690-bad4-1236b933eca6.jpg\" class=\"attachment-large size-large\" alt=\"Coupe du Monde 2026 : l&apos;Argentine renverse l&apos;Angleterre et retrouve l&apos;Espagne en finale\" \/>      <\/a>\n          <\/figure>\n                  <div class=\"blockspare-posts-block-post-content  content-order-5 lpc-title-hover\">\n    <div class=\"blockspare-posts-block-bg-overlay\"><\/div>\n    <!-- blockspare-posts-block-post-grid-header -->\n    <header class=\"blockspare-posts-block-post-grid-header\">\n      <!--display category when feature image is disable -->\n            <!--display category when feature image is enable-->\n              <!-- Category     -->\n        <div class=\"blockspare-posts-block-post-category\">\n          <a href=\"https:\/\/swissdaily.ch\/de\/category\/actualites\/\" rel=\"category tag\">Actualit\u00e9s<\/a> <a href=\"https:\/\/swissdaily.ch\/de\/category\/sports\/\" rel=\"category tag\">Sports<\/a>        <\/div>\n        <!-- Category     -->\n            <!-- blockspare-posts-block-post-grid-title -->\n              <h2 class=\"blockspare-posts-block-post-grid-title\">\n          <a href=\"https:\/\/swissdaily.ch\/de\/coupe-du-monde-2026-argentine\/\" class=\"blockspare-posts-block-title-link\"\n            rel=\"bookmark\">\n            <span>Coupe du Monde 2026 : l&rsquo;Argentine renverse l&rsquo;Angleterre et retrouve l&rsquo;Espagne en finale<\/span>\n          <\/a>\n        <\/h2>\n            <!-- blockspare-posts-block-post-grid-title -->\n\n      <!-- blockspare-posts-block-post-grid-byline -->\n      <div class=\"blockspare-posts-block-post-grid-byline\">\n        <!-- blockspare-posts-block-post-grid-author -->\n                  <div class=\"blockspare-posts-block-post-grid-author\">\n            <!-- <a class=\"blockspare-posts-block-text-link\" href=\"https:\/\/swissdaily.ch\/de\/author\/vuilleumier-c\/\"\n                                        itemprop=\"url\" rel=\"author\">\n                                        <span itemprop=\"name\">\n                                            <i class=\"far fa-user-circle\"><\/i>\n                                            Camille Vuilleumier                                        <\/span>\n                                    <\/a> -->\n                           <a class=\"blockspare-posts-block-text-link\" href=\"https:\/\/swissdaily.ch\/de\/author\/vuilleumier-c\/\" itemprop=\"url\" rel=\"author\">\n                    <span itemprop=\"name\"><i class=\"far fa-user-circle\"><\/i>Camille Vuilleumier<\/span>\n                <\/a>\n                 <\/div>\n                <!-- blockspare-posts-block-post-grid-author -->\n\n        <!-- blockspare-posts-block-post-grid-date -->\n                  <time datetime=\"2026-07-16T15:15:16+00:00\" class=\"blockspare-posts-block-post-grid-date\" itemprop=\"datePublished\"><i class=\"far fa-clock\" aria-hidden=\"true\"><\/i>16 Juli 2026<\/time>\n                <!-- blockspare-posts-block-post-grid-date -->\n\n        <!-- comment_count -->\n                <!-- comment_count -->\n      <\/div>\n      <!-- blockspare-posts-block-post-grid-byline -->\n    <\/header>\n    <!-- blockspare-posts-block-post-grid-header -->\n\n        <!-- blockspare-posts-block-post-grid-excerpt -->\n        <!-- blockspare-posts-block-post-grid-excerpt -->\n\n  <\/div>\n            <\/div>\n                    \n\n\n      <\/div>\n\n          <\/section>\n\n\n\n  <\/div>\n<\/div>\n<\/div><\/div><\/div><\/div>\n","protected":false},"excerpt":{"rendered":"","protected":false},"author":1,"featured_media":0,"parent":0,"menu_order":0,"comment_status":"closed","ping_status":"closed","template":"","meta":{"footnotes":""},"class_list":["post-2681","page","type-page","status-publish","hentry"],"blocksy_meta":{"styles_descriptor":{"styles":{"desktop":"","tablet":"","mobile":""},"google_fonts":[],"version":7}},"yoast_head":"<!-- This site is optimized with the Yoast SEO plugin v28.2 - https:\/\/yoast.com\/product\/yoast-seo-wordpress\/ -->\n<title>Accueil - Swiss Daily<\/title>\n<meta name=\"robots\" content=\"index, follow, max-snippet:-1, max-image-preview:large, max-video-preview:-1\" \/>\n<link rel=\"canonical\" href=\"https:\/\/swissdaily.ch\/de\/\" \/>\n<meta property=\"og:locale\" content=\"de_DE\" \/>\n<meta property=\"og:type\" content=\"article\" \/>\n<meta property=\"og:title\" content=\"Accueil - Swiss Daily\" \/>\n<meta property=\"og:url\" content=\"https:\/\/swissdaily.ch\/de\/\" \/>\n<meta property=\"og:site_name\" content=\"Swiss Daily\" \/>\n<meta property=\"article:modified_time\" content=\"2026-07-05T14:37:16+00:00\" \/>\n<meta name=\"twitter:card\" content=\"summary_large_image\" \/>\n<meta name=\"twitter:label1\" content=\"Gesch\u00e4tzte Lesezeit\" \/>\n\t<meta name=\"twitter:data1\" content=\"1\u00a0Minute\" \/>\n<script type=\"application\/ld+json\" class=\"yoast-schema-graph\">{\"@context\":\"https:\\\/\\\/schema.org\",\"@graph\":[{\"@type\":\"WebPage\",\"@id\":\"https:\\\/\\\/swissdaily.ch\\\/\",\"url\":\"https:\\\/\\\/swissdaily.ch\\\/\",\"name\":\"Accueil - Swiss Daily\",\"isPartOf\":{\"@id\":\"https:\\\/\\\/swissdaily.ch\\\/#website\"},\"datePublished\":\"2026-03-16T15:46:06+00:00\",\"dateModified\":\"2026-07-05T14:37:16+00:00\",\"breadcrumb\":{\"@id\":\"https:\\\/\\\/swissdaily.ch\\\/#breadcrumb\"},\"inLanguage\":\"de-CH\",\"potentialAction\":[{\"@type\":\"ReadAction\",\"target\":[\"https:\\\/\\\/swissdaily.ch\\\/\"]}]},{\"@type\":\"BreadcrumbList\",\"@id\":\"https:\\\/\\\/swissdaily.ch\\\/#breadcrumb\",\"itemListElement\":[{\"@type\":\"ListItem\",\"position\":1,\"name\":\"Accueil\",\"item\":\"https:\\\/\\\/swissdaily.ch\\\/\"},{\"@type\":\"ListItem\",\"position\":2,\"name\":\"Accueil\"}]},{\"@type\":\"WebSite\",\"@id\":\"https:\\\/\\\/swissdaily.ch\\\/#website\",\"url\":\"https:\\\/\\\/swissdaily.ch\\\/\",\"name\":\"Swiss Daily\",\"description\":\"\",\"publisher\":{\"@id\":\"https:\\\/\\\/swissdaily.ch\\\/#organization\"},\"potentialAction\":[{\"@type\":\"SearchAction\",\"target\":{\"@type\":\"EntryPoint\",\"urlTemplate\":\"https:\\\/\\\/swissdaily.ch\\\/?s={search_term_string}\"},\"query-input\":{\"@type\":\"PropertyValueSpecification\",\"valueRequired\":true,\"valueName\":\"search_term_string\"}}],\"inLanguage\":\"de-CH\"},{\"@type\":\"Organization\",\"@id\":\"https:\\\/\\\/swissdaily.ch\\\/#organization\",\"name\":\"Swiss Daily\",\"url\":\"https:\\\/\\\/swissdaily.ch\\\/\",\"logo\":{\"@type\":\"ImageObject\",\"inLanguage\":\"de-CH\",\"@id\":\"https:\\\/\\\/swissdaily.ch\\\/#\\\/schema\\\/logo\\\/image\\\/\",\"url\":\"https:\\\/\\\/swissdaily.ch\\\/wp-content\\\/uploads\\\/2026\\\/03\\\/Sans_titre-removebg-preview1.png\",\"contentUrl\":\"https:\\\/\\\/swissdaily.ch\\\/wp-content\\\/uploads\\\/2026\\\/03\\\/Sans_titre-removebg-preview1.png\",\"width\":500,\"height\":500,\"caption\":\"Swiss Daily\"},\"image\":{\"@id\":\"https:\\\/\\\/swissdaily.ch\\\/#\\\/schema\\\/logo\\\/image\\\/\"}}]}<\/script>\n<!-- \/ Yoast SEO plugin. -->","yoast_head_json":{"title":"Accueil - Swiss Daily","robots":{"index":"index","follow":"follow","max-snippet":"max-snippet:-1","max-image-preview":"max-image-preview:large","max-video-preview":"max-video-preview:-1"},"canonical":"https:\/\/swissdaily.ch\/de\/","og_locale":"de_DE","og_type":"article","og_title":"Accueil - Swiss Daily","og_url":"https:\/\/swissdaily.ch\/de\/","og_site_name":"Swiss Daily","article_modified_time":"2026-07-05T14:37:16+00:00","twitter_card":"summary_large_image","twitter_misc":{"Gesch\u00e4tzte Lesezeit":"1\u00a0Minute"},"schema":{"@context":"https:\/\/schema.org","@graph":[{"@type":"WebPage","@id":"https:\/\/swissdaily.ch\/","url":"https:\/\/swissdaily.ch\/","name":"Accueil - Swiss Daily","isPartOf":{"@id":"https:\/\/swissdaily.ch\/#website"},"datePublished":"2026-03-16T15:46:06+00:00","dateModified":"2026-07-05T14:37:16+00:00","breadcrumb":{"@id":"https:\/\/swissdaily.ch\/#breadcrumb"},"inLanguage":"de-CH","potentialAction":[{"@type":"ReadAction","target":["https:\/\/swissdaily.ch\/"]}]},{"@type":"BreadcrumbList","@id":"https:\/\/swissdaily.ch\/#breadcrumb","itemListElement":[{"@type":"ListItem","position":1,"name":"Accueil","item":"https:\/\/swissdaily.ch\/"},{"@type":"ListItem","position":2,"name":"Accueil"}]},{"@type":"WebSite","@id":"https:\/\/swissdaily.ch\/#website","url":"https:\/\/swissdaily.ch\/","name":"Swiss Daily","description":"","publisher":{"@id":"https:\/\/swissdaily.ch\/#organization"},"potentialAction":[{"@type":"SearchAction","target":{"@type":"EntryPoint","urlTemplate":"https:\/\/swissdaily.ch\/?s={search_term_string}"},"query-input":{"@type":"PropertyValueSpecification","valueRequired":true,"valueName":"search_term_string"}}],"inLanguage":"de-CH"},{"@type":"Organization","@id":"https:\/\/swissdaily.ch\/#organization","name":"Swiss Daily","url":"https:\/\/swissdaily.ch\/","logo":{"@type":"ImageObject","inLanguage":"de-CH","@id":"https:\/\/swissdaily.ch\/#\/schema\/logo\/image\/","url":"https:\/\/swissdaily.ch\/wp-content\/uploads\/2026\/03\/Sans_titre-removebg-preview1.png","contentUrl":"https:\/\/swissdaily.ch\/wp-content\/uploads\/2026\/03\/Sans_titre-removebg-preview1.png","width":500,"height":500,"caption":"Swiss Daily"},"image":{"@id":"https:\/\/swissdaily.ch\/#\/schema\/logo\/image\/"}}]}},"_links":{"self":[{"href":"https:\/\/swissdaily.ch\/de\/wp-json\/wp\/v2\/pages\/2681","targetHints":{"allow":["GET"]}}],"collection":[{"href":"https:\/\/swissdaily.ch\/de\/wp-json\/wp\/v2\/pages"}],"about":[{"href":"https:\/\/swissdaily.ch\/de\/wp-json\/wp\/v2\/types\/page"}],"author":[{"embeddable":true,"href":"https:\/\/swissdaily.ch\/de\/wp-json\/wp\/v2\/users\/1"}],"replies":[{"embeddable":true,"href":"https:\/\/swissdaily.ch\/de\/wp-json\/wp\/v2\/comments?post=2681"}],"version-history":[{"count":4,"href":"https:\/\/swissdaily.ch\/de\/wp-json\/wp\/v2\/pages\/2681\/revisions"}],"predecessor-version":[{"id":2957,"href":"https:\/\/swissdaily.ch\/de\/wp-json\/wp\/v2\/pages\/2681\/revisions\/2957"}],"wp:attachment":[{"href":"https:\/\/swissdaily.ch\/de\/wp-json\/wp\/v2\/media?parent=2681"}],"curies":[{"name":"wp","href":"https:\/\/api.w.org\/{rel}","templated":true}]}}